{"id":5682,"date":"2023-02-09T17:52:02","date_gmt":"2023-02-09T16:52:02","guid":{"rendered":"https:\/\/zur-nachahmung-empfohlen.de\/project\/valparaiso-2017\/"},"modified":"2024-02-22T19:00:35","modified_gmt":"2024-02-22T18:00:35","slug":"valparaiso-2017","status":"publish","type":"project","link":"https:\/\/zur-nachahmung-empfohlen.de\/en\/project\/valparaiso-2017\/","title":{"rendered":"Valpara\u00edso | 2017"},"content":{"rendered":"<p>[et_pb_section fb_built=&#8221;1&#8243; admin_label=&#8221;Key Visual ZNE!&#8221; _builder_version=&#8221;4.16&#8243; background_enable_color=&#8221;off&#8221; background_color_gradient_direction=&#8221;90deg&#8221; background_color_gradient_start=&#8221;rgba(148,166,191,0.34)&#8221; background_color_gradient_end=&#8221;#f4f4f4&#8243; background_enable_image=&#8221;off&#8221; background_blend=&#8221;multiply&#8221; module_alignment=&#8221;center&#8221; custom_margin=&#8221;0px||0px||false|false&#8221; custom_padding=&#8221;0px|0|0px||true|false&#8221; global_module=&#8221;315&#8243; saved_tabs=&#8221;all&#8221; global_colors_info=&#8221;{}&#8221;][et_pb_row _builder_version=&#8221;4.16&#8243; background_size=&#8221;initial&#8221; background_position=&#8221;top_left&#8221; background_repeat=&#8221;repeat&#8221; width=&#8221;100%&#8221; max_width=&#8221;2560px&#8221; module_alignment=&#8221;center&#8221; custom_margin=&#8221;0px|0px|0px|0px|true|true&#8221; custom_padding=&#8221;0px|0px|0px|0px|true|true&#8221; global_colors_info=&#8221;{}&#8221;][et_pb_column type=&#8221;4_4&#8243; _builder_version=&#8221;4.16&#8243; custom_padding=&#8221;|||&#8221; global_colors_info=&#8221;{}&#8221; custom_padding__hover=&#8221;|||&#8221;][et_pb_image src=&#8221;https:\/\/zur-nachahmung-empfohlen.de\/wp-content\/uploads\/2023\/03\/ZNE_banner-neu-1-scaled.jpg&#8221; title_text=&#8221;ETF!&#8221; align=&#8221;center&#8221; force_fullwidth=&#8221;on&#8221; src_tablet=&#8221;https:\/\/zur-nachahmung-empfohlen.de\/wp-content\/uploads\/2023\/03\/ZNE_banner-neu.jpg&#8221; src_phone=&#8221;https:\/\/zur-nachahmung-empfohlen.de\/wp-content\/uploads\/2023\/03\/ZNE_banner-neu.jpg&#8221; src_last_edited=&#8221;on|phone&#8221; align_tablet=&#8221;center&#8221; align_phone=&#8221;center&#8221; align_last_edited=&#8221;on|desktop&#8221; _builder_version=&#8221;4.20.0&#8243; animation_direction=&#8221;left&#8221; global_colors_info=&#8221;{}&#8221;][\/et_pb_image][\/et_pb_column][\/et_pb_row][\/et_pb_section][et_pb_section fb_built=&#8221;1&#8243; admin_label=&#8221;Key Visual ZNE!&#8221; _builder_version=&#8221;4.19.4&#8243; background_color=&#8221;#FFFFFF&#8221; background_color_gradient_direction=&#8221;90deg&#8221; background_color_gradient_start=&#8221;rgba(148,166,191,0.34)&#8221; background_color_gradient_end=&#8221;#f4f4f4&#8243; background_enable_image=&#8221;off&#8221; background_blend=&#8221;multiply&#8221; module_alignment=&#8221;center&#8221; custom_margin=&#8221;0px||0px||false|false&#8221; custom_padding=&#8221;3px|0|3px||true|false&#8221; global_colors_info=&#8221;{}&#8221;][et_pb_row _builder_version=&#8221;4.19.4&#8243; _module_preset=&#8221;default&#8221; custom_margin=&#8221;60px|auto||auto|false|false&#8221; custom_margin_tablet=&#8221;0px||||false|false&#8221; custom_margin_phone=&#8221;0px||||false|false&#8221; custom_margin_last_edited=&#8221;on|phone&#8221; custom_padding=&#8221;||0px||false|false&#8221; global_colors_info=&#8221;{}&#8221;][et_pb_column type=&#8221;4_4&#8243; _builder_version=&#8221;4.16&#8243; _module_preset=&#8221;default&#8221; global_colors_info=&#8221;{}&#8221;][et_pb_text admin_label=&#8221;Title&#8221; _builder_version=&#8221;4.19.5&#8243; text_font=&#8221;||||||||&#8221; text_font_size=&#8221;16px&#8221; header_font=&#8221;Source Sans Pro||||||||&#8221; header_text_color=&#8221;#333333&#8243; header_font_size=&#8221;56px&#8221; header_2_font_size=&#8221;30px&#8221; header_2_line_height=&#8221;1.1em&#8221; header_3_text_color=&#8221;#666666&#8243; header_3_font_size=&#8221;25px&#8221; header_3_line_height=&#8221;1.6em&#8221; header_4_font=&#8221;|600||on|||||&#8221; header_4_text_color=&#8221;#aabb00&#8243; header_4_letter_spacing=&#8221;2px&#8221; header_4_line_height=&#8221;1.6em&#8221; width=&#8221;100%&#8221; custom_margin=&#8221;0px||0px||false|false&#8221; custom_margin_tablet=&#8221;||0px||false|false&#8221; custom_margin_phone=&#8221;||0px||false|false&#8221; custom_margin_last_edited=&#8221;on|desktop&#8221; custom_padding=&#8221;0px||0px||false|false&#8221; animation_direction=&#8221;right&#8221; header_font_size_tablet=&#8221;40px&#8221; header_font_size_phone=&#8221;&#8221; header_font_size_last_edited=&#8221;on|tablet&#8221; global_colors_info=&#8221;{}&#8221;]<\/p>\n<h1>Chile | Valpara\u00edso | 2017<\/h1>\n<p>16. Venue<br \/>10.06.2017 &#8211; 12.08.2017<\/p>\n<p><strong>Parque Cultural de Valparaiso <\/strong>and other sites in the city<br \/>Opening on June 9th, 2017<\/p>\n<p>[\/et_pb_text][\/et_pb_column][\/et_pb_row][et_pb_row column_structure=&#8221;3_5,2_5&#8243; _builder_version=&#8221;4.16&#8243; _module_preset=&#8221;default&#8221; custom_margin=&#8221;60px|auto|45px|auto|false|false&#8221; custom_margin_tablet=&#8221;0px||||false|false&#8221; custom_margin_phone=&#8221;0px||||false|false&#8221; custom_margin_last_edited=&#8221;on|phone&#8221; custom_padding=&#8221;0px||0px||false|false&#8221; global_colors_info=&#8221;{}&#8221;][et_pb_column type=&#8221;3_5&#8243; _builder_version=&#8221;4.16&#8243; _module_preset=&#8221;default&#8221; global_colors_info=&#8221;{}&#8221;][et_pb_text _builder_version=&#8221;4.19.5&#8243; _module_preset=&#8221;default&#8221; global_colors_info=&#8221;{}&#8221;]<\/p>\n<p>Curated by Adrienne Goehler, co-curated by Rodolfo Andaur and set up in collaboration with Fagnes<\/p>\n<p>The IASS and the Heinrich B\u00f6ll Foundation Cono Sur (HBS) launched an innovative series of events in Chile to foster dialogue at the intersection of the arts, politics, and sustainability. The programme includes discussion panels, workshops, guided tours, performances, and video screenings on a broad range of sustainability topics. The events will be staged at Valpara\u00edso Cultural Park and other sites in the city between 9 June and 13 August, 2017.<\/p>\n<p>[\/et_pb_text][et_pb_text _builder_version=&#8221;4.19.5&#8243; _module_preset=&#8221;default&#8221; text_font_size=&#8221;16px&#8221; custom_margin=&#8221;||2px|||&#8221; custom_padding=&#8221;||0px|||&#8221; global_colors_info=&#8221;{}&#8221;]<\/p>\n<p>Additional in Chile: <br \/>Aninat-Swinburn, Natascha de Cortillas, Vania Caro Melo, Claudia M\u00fcller, Guisela Munita, Alejandra Prieto<\/p>\n<h2>Artists<\/h2>\n<p>Marc Aldinger \u2022 Ravi Agarwal \u2022 Jennifer Allora | Guillermo Calzadilla \u2022 Francis Al\u00ffs \u2022 Artist Collective SCHAUM \u2022 N\u00e9le Azevedo \u2022 Joseph Beuys \u2022 Richard Box \u2022 Jens Burde \u2022 Ines Doujak \u2022 Olafur Eliasson | Frederik Ottesen \u2022 Emine Ercihan \u2022 Susanne Gabler \u2022 Dionisio Gonz\u00e1lez \u2022 Galerie f\u00fcr Landschaftskunst \u2022 Emiliano Godoy \u2022 Lola G\u00f6ller \u2022 Sonia Guggisberg \u2022 Ilkka Halso \u2022 Hermann Josef Hack \u2022 Cornelia Hesse-Honegger \u2022 Vincent J.F. Huang \u2022 Edi Hirose \u2022 Alejandro Jaime \u2022 Folke K\u00f6bberling | Martin Kaltwasser \u2022 Christian Kuhtz \u2022 Christin Lahr \u2022 Antal Lakner \u2022 Jae Rhim Lee \u2022 Marlen Liebau | Marc Lingk \u2022 Till Leeser \u2022 Sarah Lewison \u2022 Rudolf zur Lippe \u2022 Renzo Martens \u2022 Ayumi Matsuzaka \u2022 Ma Yongfeng \u2022 Lucia Monge \u2022 Manish Nai \u2022 Eliana Otta \u2022 Shirley Paes Leme \u2022 Dan Peterman \u2022 Clement Price-Thomas \u2022 Rebecca Raue \u2022 Dodi Reifenberg \u2022 Pedro Reyes \u2022 Ariel Rojo \u2022 Gustavo Romano \u2022 Michael Saup \u2022 Ursula Schulz-Dornburg \u2022 Dina Shenhav \u2022 David Smithson \u2022 Robert Smithson \u2022 Jakub Szczesny \u2022 Maria Vedder \u2022 Wang Jiuliang \u2022 Andreas Wegner \u2022 Xing Danwen \u2022 The Yes Men \u2022 Yang Shaobin \u2022 Zwischenbericht<\/p>\n<p>[\/et_pb_text][et_pb_text _builder_version=&#8221;4.20.2&#8243; _module_preset=&#8221;default&#8221; custom_margin=&#8221;29px||||false|false&#8221; global_colors_info=&#8221;{}&#8221;]<\/p>\n<div class=\"x78zum5 xqtp20y x1emribx\">\n<div class=\"x1vqgdyp x100vrsf\"><object type=\"nested\/pressable\"><\/object><\/div>\n<\/div>\n<div class=\"x78zum5 xdt5ytf xz62fqu x16ldp7u\">\n<div class=\"xu06os2 x1ok221b\">\n<div class=\"x1gslohp\">\n<h2 class=\"x1heor9g x1qlqyl8 x1pd3egz x1a2a7pz x1gslohp\">Parque TV<\/h2>\n<p class=\"x1heor9g x1qlqyl8 x1pd3egz x1a2a7pz x1gslohp\"><a href=\"https:\/\/www.facebook.com\/parquecultural.devalparaiso\/videos\/vb.1441098476144909\/1895482877373131\/?type=2&amp;theater\"><span class=\"x193iq5w xeuugli x13faqbe x1vvkbs xlh3980 xvmahel x1n0sxbx x6prxxf xvq8zen xo1l8bm xi81zsa\"><span class=\"xt0psk2\">Auf Facebook \u2013 Parque Cultural de Valpara\u00edso \u2013 TV<\/span><\/span><\/a><\/p>\n<\/div>\n<\/div>\n<div class=\"xu06os2 x1ok221b\"><span class=\"x193iq5w xeuugli x13faqbe x1vvkbs xlh3980 xvmahel x1n0sxbx x1lliihq x1s928wv xhkezso x1gmr53x x1cpjm7i x1fgarty x1943h6x x4zkp8e x676frb x1nxh6w3 x1sibtaa xo1l8bm xi81zsa x1yc453h\" dir=\"auto\"><span><span class=\"x4k7w5x x1h91t0o x1h9r5lt xv2umb2 x1beo9mf xaigb6o x12ejxvf x3igimt xarpa2k xedcshv x1lytzrv x1t2pt76 x7ja8zs x1qrby5j x1jfb8zj\">June 12th 2017<\/span><span class=\"xh99ass\"><span class=\"xzpqnlu xjm9jq1 x6ikm8r x10wlt62 x10l6tqk x1i1rx1s\"> <\/span><span aria-hidden=\"true\">  <\/span><\/span><span class=\"xuxw1ft\"><span class=\"x4k7w5x x1h91t0o x1h9r5lt xv2umb2 x1beo9mf xaigb6o x12ejxvf x3igimt xarpa2k xedcshv x1lytzrv x1t2pt76 x7ja8zs x1qrby5j x1jfb8zj\"><span class=\"x1rg5ohu x1n2onr6 xs7f9wi\"><svg fill=\"currentColor\" viewbox=\"0 0 16 16\" width=\"1em\" height=\"1em\" class=\"x1lliihq x1k90msu x2h7rmj x1qfuztq xcza8v6 x1kpxq89 xsmyaan\" title=\"Mit \u00d6ffentlich geteilt\"><g fill-rule=\"evenodd\" transform=\"translate(-448 -544)\"><g\/><\/g><\/svg><\/span><\/span><\/span><\/span><\/span><\/div>\n<\/div>\n<p>[\/et_pb_text][\/et_pb_column][et_pb_column type=&#8221;2_5&#8243; _builder_version=&#8221;4.16&#8243; _module_preset=&#8221;default&#8221; global_colors_info=&#8221;{}&#8221;][et_pb_gallery gallery_ids=&#8221;3616&#8243; fullwidth=&#8221;on&#8221; _builder_version=&#8221;4.19.5&#8243; _module_preset=&#8221;default&#8221; title_text_color=&#8221;#FFFFFF&#8221; caption_text_align=&#8221;left&#8221; background_layout=&#8221;dark&#8221; custom_margin=&#8221;||9px|||&#8221; global_colors_info=&#8221;{}&#8221;][\/et_pb_gallery][et_pb_video src=&#8221;https:\/\/www.youtube.com\/watch?v=vqrAI1GvHtU&amp;t=3s&#8221; _builder_version=&#8221;4.20.0&#8243; _module_preset=&#8221;default&#8221; locked=&#8221;off&#8221; global_colors_info=&#8221;{}&#8221;][\/et_pb_video][\/et_pb_column][\/et_pb_row][\/et_pb_section][et_pb_section fb_built=&#8221;1&#8243; theme_builder_area=&#8221;post_content&#8221; _builder_version=&#8221;4.24.2&#8243; _module_preset=&#8221;default&#8221; custom_padding=&#8221;20px||8px|||&#8221;][et_pb_row use_custom_gutter=&#8221;on&#8221; gutter_width=&#8221;2&#8243; make_equal=&#8221;on&#8221; _builder_version=&#8221;4.19.4&#8243; _module_preset=&#8221;default&#8221; module_alignment=&#8221;center&#8221; custom_padding=&#8221;3px|||||&#8221; saved_tabs=&#8221;all&#8221; global_colors_info=&#8221;{}&#8221; locked=&#8221;off&#8221; theme_builder_area=&#8221;post_content&#8221;][et_pb_column type=&#8221;4_4&#8243; _builder_version=&#8221;4.19.4&#8243; _module_preset=&#8221;default&#8221; global_colors_info=&#8221;{}&#8221; theme_builder_area=&#8221;post_content&#8221;][et_pb_text _builder_version=&#8221;4.19.4&#8243; _module_preset=&#8221;default&#8221; header_2_font=&#8221;|600|||||||&#8221; header_2_text_color=&#8221;rgba(0,0,0,0.55)&#8221; custom_margin=&#8221;1px||23px|||&#8221; global_colors_info=&#8221;{}&#8221; theme_builder_area=&#8221;post_content&#8221;]<\/p>\n<h2>Impressions<\/h2>\n<p>[\/et_pb_text][modula_gallery gallery_select=&#8221;12835&#8243; _builder_version=&#8221;4.24.2&#8243; _module_preset=&#8221;default&#8221; hover_enabled=&#8221;0&#8243; global_colors_info=&#8221;{}&#8221; sticky_enabled=&#8221;0&#8243; theme_builder_area=&#8221;post_content&#8221;][\/modula_gallery][\/et_pb_column][\/et_pb_row][\/et_pb_section][et_pb_section fb_built=&#8221;1&#8243; _builder_version=&#8221;4.19.5&#8243; _module_preset=&#8221;default&#8221; custom_padding=&#8221;5px||3px|||&#8221; global_colors_info=&#8221;{}&#8221;][et_pb_row use_custom_gutter=&#8221;on&#8221; gutter_width=&#8221;2&#8243; make_equal=&#8221;on&#8221; _builder_version=&#8221;4.19.4&#8243; _module_preset=&#8221;default&#8221; module_alignment=&#8221;center&#8221; custom_padding=&#8221;3px|||||&#8221; global_colors_info=&#8221;{}&#8221;][et_pb_column type=&#8221;4_4&#8243; _builder_version=&#8221;4.19.4&#8243; _module_preset=&#8221;default&#8221; global_colors_info=&#8221;{}&#8221;][et_pb_divider color=&#8221;rgba(0,0,0,0.22)&#8221; _builder_version=&#8221;4.19.4&#8243; _module_preset=&#8221;default&#8221; global_colors_info=&#8221;{}&#8221;][\/et_pb_divider][et_pb_text _builder_version=&#8221;4.19.4&#8243; _module_preset=&#8221;default&#8221; header_2_font=&#8221;|600|||||||&#8221; header_2_text_color=&#8221;rgba(0,0,0,0.55)&#8221; custom_margin=&#8221;||23px|||&#8221; global_colors_info=&#8221;{}&#8221;]<\/p>\n<h2>Press<\/h2>\n<p>[\/et_pb_text][et_pb_accordion open_toggle_text_color=&#8221;#000000&#8243; closed_toggle_text_color=&#8221;#aabb00&#8243; _builder_version=&#8221;4.20.2&#8243; _module_preset=&#8221;default&#8221; toggle_font=&#8221;|600|||||||&#8221; toggle_font_size=&#8221;16px&#8221; closed_toggle_font=&#8221;||||||||&#8221; global_colors_info=&#8221;{}&#8221;][et_pb_accordion_item title=&#8221;Cuando los caminos del arte se hacen sustentables \u2013 La Tercera&#8221; open=&#8221;on&#8221; _builder_version=&#8221;4.19.5&#8243; _module_preset=&#8221;default&#8221; global_colors_info=&#8221;{}&#8221;]<\/p>\n<div class=\"press-container\">\n<div class=\"press-container\">\n<div class=\"press-container\">\n<h2>Cuando los caminos del arte se hacen sustentables<\/h2>\n<p>08.06.2017 , La Tercera <\/p>\n<p>\u00bbPropuesta como \u00e9stas han cambiado la forma en que se reflexiona temas pol\u00edticos y medio-ambientales usando las herramientas del arte, y al mismo tiempo han inspirado la muestra internacional &#8220;\u00a1ejemplos a seguir- expediciones en est\u00e9tica y sustanbilidad&#8221; que re\u00fane a m\u00e1s de 60 artistas con sus respectivas obras.\u00ab<\/p><\/div>\n<\/div>\n<\/div>\n<p>[\/et_pb_accordion_item][et_pb_accordion_item title=&#8221;Artistas de todo el mundo \u2013 La ultimas noticias&#8221; _builder_version=&#8221;4.20.2&#8243; _module_preset=&#8221;default&#8221; global_colors_info=&#8221;{}&#8221; open=&#8221;off&#8221;]<\/p>\n<div class=\"press-container\">\n<div class=\"press-container\">\n<div class=\"press-container\">\n<h2>Artistas de todo el mundo<\/h2>\n<p>13.06.2017 , La ultimas noticias<\/p>\n<p><a href=\"http:\/\/www.lun.com\/Pages\/NewsDetail.aspx?dt=2017-06-13&amp;SupplementId=0&amp;BodyID=0&amp;PaginaId=46&amp;r=w\">Link to Online-Article<\/a><\/p>\n<p>&nbsp;<\/p>\n<\/div>\n<\/div>\n<\/div>\n<p>[\/et_pb_accordion_item][et_pb_accordion_item title=&#8221;Quando los caminos del arte se hacen sustentables \u2013 La TERCERA&#8221; _builder_version=&#8221;4.20.2&#8243; _module_preset=&#8221;default&#8221; global_colors_info=&#8221;{}&#8221; open=&#8221;off&#8221;]<\/p>\n<div class=\"press-container\">\n<div class=\"press-container\">\n<div class=\"press-container\">\n<h2>Cuando los caminos del arte se hacen sustentables<\/h2>\n<p>08.06.2017 , La TERCERA<\/p>\n<p><a href=\"http:\/\/culto.latercera.com\/2017\/06\/08\/cuando-los-caminos-del-arte-se-sustentables\/\">Link to Online-Article<\/a><\/p>\n<p>&nbsp;<\/p>\n<\/div>\n<\/div>\n<\/div>\n<p>[\/et_pb_accordion_item][\/et_pb_accordion][\/et_pb_column][\/et_pb_row][et_pb_row column_structure=&#8221;2_3,1_3&#8243; use_custom_gutter=&#8221;on&#8221; gutter_width=&#8221;2&#8243; make_equal=&#8221;on&#8221; _builder_version=&#8221;4.19.4&#8243; _module_preset=&#8221;default&#8221; module_alignment=&#8221;center&#8221; custom_padding=&#8221;3px|||||&#8221; global_colors_info=&#8221;{}&#8221;][et_pb_column type=&#8221;2_3&#8243; _builder_version=&#8221;4.19.4&#8243; _module_preset=&#8221;default&#8221; global_colors_info=&#8221;{}&#8221;][et_pb_divider color=&#8221;rgba(0,0,0,0.22)&#8221; _builder_version=&#8221;4.19.4&#8243; _module_preset=&#8221;default&#8221; global_colors_info=&#8221;{}&#8221;][\/et_pb_divider][et_pb_text _builder_version=&#8221;4.20.0&#8243; _module_preset=&#8221;default&#8221; header_2_font=&#8221;|600|||||||&#8221; header_2_text_color=&#8221;rgba(0,0,0,0.55)&#8221; custom_margin=&#8221;||23px|||&#8221; global_colors_info=&#8221;{}&#8221;]<\/p>\n<h2>Awards<\/h2>\n<p>[\/et_pb_text][et_pb_accordion open_toggle_text_color=&#8221;#000000&#8243; closed_toggle_text_color=&#8221;#aabb00&#8243; _builder_version=&#8221;4.20.0&#8243; _module_preset=&#8221;default&#8221; toggle_font=&#8221;|600|||||||&#8221; toggle_font_size=&#8221;16px&#8221; closed_toggle_font=&#8221;||||||||&#8221; global_colors_info=&#8221;{}&#8221;][et_pb_accordion_item title=&#8221;Best International Exhibition of the Year 2017 in Chile&#8221; open=&#8221;on&#8221; _builder_version=&#8221;4.20.0&#8243; _module_preset=&#8221;default&#8221; global_colors_info=&#8221;{}&#8221;]<\/p>\n<div class=\"press-container\">\n<div class=\"press-container\">\n<div class=\"press-container\">\n<h2>Best International Exhibition of the Year 2017 in Chile<\/h2>\n<p>The 16th station of ZNE! in Valpara\u00edso was chosen as the best International Exhibition of 2017 in Chile by the Circle of Chilean Art Critics <a href=\"https:\/\/cl.boell.org\/es\/2018\/01\/05\/ejemplos-seguir-galardonada-como-mejor-exposicion-en-categoria-internacional-artes\">(link to the website of the Heinrich B\u00f6ll Foundation in Chile, 2018).<\/a><\/p>\n<\/div>\n<\/div>\n<\/div>\n<p>[\/et_pb_accordion_item][\/et_pb_accordion][\/et_pb_column][et_pb_column type=&#8221;1_3&#8243; _builder_version=&#8221;4.20.0&#8243; _module_preset=&#8221;default&#8221; global_colors_info=&#8221;{}&#8221;][et_pb_image src=&#8221;https:\/\/zur-nachahmung-empfohlen.de\/wp-content\/uploads\/2023\/02\/Auszeichnung-ZNE-chile-2018.jpg&#8221; title_text=&#8221;Award-ZNE!-chile-2018&#8243; _builder_version=&#8221;4.20.0&#8243; _module_preset=&#8221;default&#8221; custom_padding=&#8221;70px||||false|false&#8221; custom_padding_tablet=&#8221;0px||||false|false&#8221; custom_padding_phone=&#8221;0px||||false|false&#8221; custom_padding_last_edited=&#8221;on|desktop&#8221; locked=&#8221;off&#8221; global_colors_info=&#8221;{}&#8221;][\/et_pb_image][\/et_pb_column][\/et_pb_row][et_pb_row use_custom_gutter=&#8221;on&#8221; gutter_width=&#8221;2&#8243; make_equal=&#8221;on&#8221; _builder_version=&#8221;4.19.4&#8243; _module_preset=&#8221;default&#8221; module_alignment=&#8221;center&#8221; custom_padding=&#8221;3px||2px|||&#8221; saved_tabs=&#8221;all&#8221; global_colors_info=&#8221;{}&#8221;][et_pb_column type=&#8221;4_4&#8243; _builder_version=&#8221;4.19.4&#8243; _module_preset=&#8221;default&#8221; global_colors_info=&#8221;{}&#8221;][et_pb_divider color=&#8221;rgba(0,0,0,0.22)&#8221; _builder_version=&#8221;4.19.4&#8243; _module_preset=&#8221;default&#8221; global_colors_info=&#8221;{}&#8221;][\/et_pb_divider][et_pb_text _builder_version=&#8221;4.19.5&#8243; _module_preset=&#8221;default&#8221; link_text_color=&#8221;#aabb00&#8243; header_2_font=&#8221;|600|||||||&#8221; header_2_text_color=&#8221;rgba(0,0,0,0.55)&#8221; custom_margin=&#8221;||23px|||&#8221; global_colors_info=&#8221;{}&#8221;]<\/p>\n<p>The exhibition was made possible by the Heinrich B\u00f6ll Stiftung Cono Sur, Institute for Advanced Sustainability Studies | IASS, Goethe-Institute Santiago and with the kind support of Hamburg S\u00fcd and IFA.<\/p>\n<h4>In cooperation with:<\/h4>\n<p><a href=\"http:\/\/parquecultural.cl\/\" target=\"_blank\" rel=\"noopener\">Parque Cultural de Valparaiso, Chile <\/a><\/p>\n<h4>Sponsored by<a href=\"http:\/\/www.nkg.net\/\" target=\"_blank\" rel=\"noopener\"><\/a><\/h4>\n<p><a href=\"http:\/\/www.iass-potsdam.de\/de\" target=\"_blank\" rel=\"noopener\">Institute for Advanced Sustainability Studies, IASS Potsdam <\/a> \u2022 <a href=\"http:\/\/https:\/\/cl.boell.org\/es\" target=\"_blank\" rel=\"noopener\">Heinrich B\u00f6ll Stiftung Cono Sur <\/a> \u2022 <a href=\"http:\/\/https:\/\/www.goethe.de\/ins\/cl\/de\/index.html\" target=\"_blank\" rel=\"noopener\">Goethe-Institut<\/a> \u2022 Hamburg S\u00fcd \u2022 <a href=\"http:\/\/www.ifa.de\/\" target=\"_blank\" rel=\"noopener\">IFA<\/a><\/p>\n<p>[\/et_pb_text][\/et_pb_column][\/et_pb_row][\/et_pb_section][et_pb_section fb_built=&#8221;1&#8243; _builder_version=&#8221;4.16&#8243; _module_preset=&#8221;default&#8221; custom_padding=&#8221;2px|||||&#8221; global_colors_info=&#8221;{}&#8221;][et_pb_row _builder_version=&#8221;4.16&#8243; _module_preset=&#8221;default&#8221; custom_padding=&#8221;5px|||||&#8221; locked=&#8221;off&#8221; global_colors_info=&#8221;{}&#8221;][et_pb_column type=&#8221;4_4&#8243; _builder_version=&#8221;4.16&#8243; _module_preset=&#8221;default&#8221; global_colors_info=&#8221;{}&#8221;][et_pb_divider color=&#8221;rgba(0,0,0,0.5)&#8221; _builder_version=&#8221;4.16&#8243; _module_preset=&#8221;default&#8221; custom_margin=&#8221;||0px|||&#8221; custom_padding=&#8221;1px||1px|||&#8221; global_colors_info=&#8221;{}&#8221;][\/et_pb_divider][et_pb_post_nav in_same_term=&#8221;on&#8221; _builder_version=&#8221;4.19.4&#8243; _module_preset=&#8221;default&#8221; global_colors_info=&#8221;{}&#8221;][\/et_pb_post_nav][\/et_pb_column][\/et_pb_row][\/et_pb_section]<\/p>\n","protected":false},"excerpt":{"rendered":"<p>Chile | Valpara\u00edso | 2017 16. Venue10.06.2017 &#8211; 12.08.2017 Parque Cultural de Valparaiso and other sites in the cityOpening on June 9th, 2017Curated by Adrienne Goehler, co-curated by Rodolfo Andaur and set up in collaboration with Fagnes The IASS and the Heinrich B\u00f6ll Foundation Cono Sur (HBS) launched an innovative series of events in Chile [&hellip;]<\/p>\n","protected":false},"author":1,"featured_media":3616,"comment_status":"closed","ping_status":"closed","template":"","meta":{"_acf_changed":false,"_et_pb_use_builder":"on","_et_pb_old_content":"","_et_gb_content_width":"","footnotes":""},"project_category":[85,84],"project_tag":[],"class_list":["post-5682","project","type-project","status-publish","has-post-thumbnail","hentry","project_category-all-venues","project_category-chile-2017-en"],"acf":[],"_links":{"self":[{"href":"https:\/\/zur-nachahmung-empfohlen.de\/en\/wp-json\/wp\/v2\/project\/5682","targetHints":{"allow":["GET"]}}],"collection":[{"href":"https:\/\/zur-nachahmung-empfohlen.de\/en\/wp-json\/wp\/v2\/project"}],"about":[{"href":"https:\/\/zur-nachahmung-empfohlen.de\/en\/wp-json\/wp\/v2\/types\/project"}],"author":[{"embeddable":true,"href":"https:\/\/zur-nachahmung-empfohlen.de\/en\/wp-json\/wp\/v2\/users\/1"}],"replies":[{"embeddable":true,"href":"https:\/\/zur-nachahmung-empfohlen.de\/en\/wp-json\/wp\/v2\/comments?post=5682"}],"version-history":[{"count":10,"href":"https:\/\/zur-nachahmung-empfohlen.de\/en\/wp-json\/wp\/v2\/project\/5682\/revisions"}],"predecessor-version":[{"id":12887,"href":"https:\/\/zur-nachahmung-empfohlen.de\/en\/wp-json\/wp\/v2\/project\/5682\/revisions\/12887"}],"wp:featuredmedia":[{"embeddable":true,"href":"https:\/\/zur-nachahmung-empfohlen.de\/en\/wp-json\/wp\/v2\/media\/3616"}],"wp:attachment":[{"href":"https:\/\/zur-nachahmung-empfohlen.de\/en\/wp-json\/wp\/v2\/media?parent=5682"}],"wp:term":[{"taxonomy":"project_category","embeddable":true,"href":"https:\/\/zur-nachahmung-empfohlen.de\/en\/wp-json\/wp\/v2\/project_category?post=5682"},{"taxonomy":"project_tag","embeddable":true,"href":"https:\/\/zur-nachahmung-empfohlen.de\/en\/wp-json\/wp\/v2\/project_tag?post=5682"}],"curies":[{"name":"wp","href":"https:\/\/api.w.org\/{rel}","templated":true}]}}