{"id":5616,"date":"2023-02-09T12:10:43","date_gmt":"2023-02-09T11:10:43","guid":{"rendered":"https:\/\/zur-nachahmung-empfohlen.de\/project\/puebla-2014\/"},"modified":"2023-03-14T13:26:46","modified_gmt":"2023-03-14T12:26:46","slug":"puebla-2014","status":"publish","type":"project","link":"https:\/\/zur-nachahmung-empfohlen.de\/en\/project\/puebla-2014\/","title":{"rendered":"Puebla | 2014"},"content":{"rendered":"<p>[et_pb_section fb_built=&#8221;1&#8243; admin_label=&#8221;Key Visual ZNE!&#8221; _builder_version=&#8221;4.16&#8243; background_enable_color=&#8221;off&#8221; background_color_gradient_direction=&#8221;90deg&#8221; background_color_gradient_start=&#8221;rgba(148,166,191,0.34)&#8221; background_color_gradient_end=&#8221;#f4f4f4&#8243; background_enable_image=&#8221;off&#8221; background_blend=&#8221;multiply&#8221; module_alignment=&#8221;center&#8221; custom_margin=&#8221;0px||0px||false|false&#8221; custom_padding=&#8221;0px|0|0px||true|false&#8221; global_module=&#8221;4840&#8243; saved_tabs=&#8221;all&#8221; global_colors_info=&#8221;{}&#8221;][et_pb_row _builder_version=&#8221;4.16&#8243; background_size=&#8221;initial&#8221; background_position=&#8221;top_left&#8221; background_repeat=&#8221;repeat&#8221; width=&#8221;100%&#8221; max_width=&#8221;2560px&#8221; module_alignment=&#8221;center&#8221; custom_margin=&#8221;0px|0px|0px|0px|true|true&#8221; custom_padding=&#8221;0px|0px|0px|0px|true|true&#8221; global_colors_info=&#8221;{}&#8221;][et_pb_column type=&#8221;4_4&#8243; _builder_version=&#8221;4.16&#8243; custom_padding=&#8221;|||&#8221; global_colors_info=&#8221;{}&#8221; custom_padding__hover=&#8221;|||&#8221;][et_pb_image src=&#8221;https:\/\/zur-nachahmung-empfohlen.de\/wp-content\/uploads\/2023\/03\/ZNE_banner-neu-1-scaled.jpg&#8221; title_text=&#8221;ZNE_banner-neu&#8221; align=&#8221;center&#8221; force_fullwidth=&#8221;on&#8221; src_tablet=&#8221;https:\/\/zur-nachahmung-empfohlen.de\/wp-content\/uploads\/2023\/03\/ZNE_banner-neu.jpg&#8221; src_phone=&#8221;https:\/\/zur-nachahmung-empfohlen.de\/wp-content\/uploads\/2023\/03\/ZNE_banner-neu.jpg&#8221; src_last_edited=&#8221;on|phone&#8221; align_tablet=&#8221;center&#8221; align_phone=&#8221;center&#8221; align_last_edited=&#8221;on|desktop&#8221; _builder_version=&#8221;4.20.0&#8243; custom_margin=&#8221;0px||0px||false|false&#8221; custom_margin_tablet=&#8221;||0px||false|false&#8221; custom_margin_phone=&#8221;||0px||false|false&#8221; custom_margin_last_edited=&#8221;on|desktop&#8221; custom_padding=&#8221;0px||0px||false|false&#8221; animation_direction=&#8221;left&#8221; global_colors_info=&#8221;{}&#8221; header_font_size_tablet=&#8221;40px&#8221; header_font_size_last_edited=&#8221;on|tablet&#8221; header_font_size_phone=&#8221;40px&#8221;][\/et_pb_image][\/et_pb_column][\/et_pb_row][\/et_pb_section][et_pb_section fb_built=&#8221;1&#8243; admin_label=&#8221;Key Visual ZNE!&#8221; _builder_version=&#8221;4.19.4&#8243; background_color=&#8221;#FFFFFF&#8221; background_color_gradient_direction=&#8221;90deg&#8221; background_color_gradient_start=&#8221;rgba(148,166,191,0.34)&#8221; background_color_gradient_end=&#8221;#f4f4f4&#8243; background_enable_image=&#8221;off&#8221; background_blend=&#8221;multiply&#8221; module_alignment=&#8221;center&#8221; custom_margin=&#8221;0px||0px||false|false&#8221; custom_padding=&#8221;3px|0|3px||true|false&#8221; global_colors_info=&#8221;{}&#8221;][et_pb_row _builder_version=&#8221;4.19.4&#8243; _module_preset=&#8221;default&#8221; custom_margin=&#8221;60px|auto||auto|false|false&#8221; custom_margin_tablet=&#8221;0px||||false|false&#8221; custom_margin_phone=&#8221;0px||||false|false&#8221; custom_margin_last_edited=&#8221;on|phone&#8221; custom_padding=&#8221;||0px||false|false&#8221; global_colors_info=&#8221;{}&#8221;][et_pb_column type=&#8221;4_4&#8243; _builder_version=&#8221;4.16&#8243; _module_preset=&#8221;default&#8221; global_colors_info=&#8221;{}&#8221;][et_pb_text admin_label=&#8221;Title&#8221; _builder_version=&#8221;4.20.2&#8243; text_font=&#8221;||||||||&#8221; text_font_size=&#8221;16px&#8221; header_font=&#8221;Source Sans Pro||||||||&#8221; header_text_color=&#8221;#333333&#8243; header_font_size=&#8221;56px&#8221; header_2_font_size=&#8221;30px&#8221; header_2_line_height=&#8221;1.1em&#8221; header_3_text_color=&#8221;#666666&#8243; header_3_font_size=&#8221;25px&#8221; header_3_line_height=&#8221;1.6em&#8221; header_4_font=&#8221;|600||on|||||&#8221; header_4_text_color=&#8221;#aabb00&#8243; header_4_letter_spacing=&#8221;2px&#8221; header_4_line_height=&#8221;1.6em&#8221; width=&#8221;100%&#8221; custom_margin=&#8221;0px||0px||false|false&#8221; custom_margin_tablet=&#8221;||0px||false|false&#8221; custom_margin_phone=&#8221;||0px||false|false&#8221; custom_margin_last_edited=&#8221;on|desktop&#8221; custom_padding=&#8221;0px||0px||false|false&#8221; animation_direction=&#8221;right&#8221; header_font_size_tablet=&#8221;40px&#8221; header_font_size_phone=&#8221;&#8221; header_font_size_last_edited=&#8221;on|tablet&#8221; global_colors_info=&#8221;{}&#8221;]<\/p>\n<h1>Mexico | Puebla | 2013<\/h1>\n<p>11. Venue<br \/>17.10.2013 &#8211; 19.01.2014<\/p>\n<p>Capilla del Arte &#8211; 2 Norte 6, Centro Hist\u00f3rico de Puebla<br \/>OPENING October 17th 2013, 7.30pm<\/p>\n<p>[\/et_pb_text][\/et_pb_column][\/et_pb_row][et_pb_row column_structure=&#8221;3_5,2_5&#8243; _builder_version=&#8221;4.16&#8243; _module_preset=&#8221;default&#8221; custom_margin=&#8221;60px|auto|11px|auto|false|false&#8221; custom_margin_tablet=&#8221;0px||||false|false&#8221; custom_margin_phone=&#8221;0px||||false|false&#8221; custom_margin_last_edited=&#8221;on|phone&#8221; custom_padding=&#8221;0px||0px||false|false&#8221; global_colors_info=&#8221;{}&#8221;][et_pb_column type=&#8221;3_5&#8243; _builder_version=&#8221;4.16&#8243; _module_preset=&#8221;default&#8221; global_colors_info=&#8221;{}&#8221;][et_pb_text _builder_version=&#8221;4.19.5&#8243; _module_preset=&#8221;default&#8221; text_font_size=&#8221;16px&#8221; custom_margin=&#8221;||2px|||&#8221; global_colors_info=&#8221;{}&#8221;]<\/p>\n<p>In Mexico, 6 Mexican artists will complement the exhibition:<br \/>Aziza Alaoui , Francis Al\u00ffs, Emiliano Godoy, Gustavo Lipkau, Pedro Reyes, Ariel Rojo<\/p>\n<h2>Artists<\/h2>\n<p>Aziza Alaoui (MAR | MEX), Ravi Agarwal (IND), Jennifer Allora &amp; Guillermo Calzadilla (US | CU), Francis Al\u00ffs (BEL | MEX), N\u00e9le Azevedo (BR), Joseph Beuys (GER), Richard Box (GB), Ines Doujak (A), Olafur Eliasson (DK), Galerie f\u00fcr Landschaftskunst (GER), Emiliano Godoy (MEX), Dionisio Gonz\u00e1lez (E), Sonia Guggisberg (BR), Hermann Josef Hack (GER), Ilkka Halso (FIN), Cornelia Hesse-Honegger (CH), Vincent J.F. Huang (CHN), Folke K\u00f6bberling | Martin Kaltwasser (GER), Christian Kuhtz (GER), Christin Lahr (GER), Antal Lakner (HU), Jae Rhim Lee (KR | US), Till Leeser (GER), Sarah Lewison (Gordon Matta-Clark Adaption) (US), Marlen Liebau | Marc Lingk (GER), Gustavo Lipkau (MEX), Rudolf de Lippe (GER), Ma Yongfeng (CHN), Petra Maitz (A), Renzo Martens (NL), Ayumi Matsuzaka (JP), Manish Nai (IND), Gerd Niem\u00f6ller (GER), Shirley Paes Leme (BR), Dan Peterman (US), Clement Price-Thomas (US), Dodi Reifenberg (IL | GER), Pedro Reyes (MEX), Ariel Rojo (MEX); Gustavo Romano (AR), Michael Saup (GER) Ursula Schulz-Dornburg (GER), Dina Shenhav (IL), David Smithson (US), Robert Smithson (US), Superflex (DK), Jakub Szczesny (PL), The Yes Men (US), Maria Vedder (GER), Wang Jiuliang (CHN), Xing Danwen (CHN), Yang Shaobin (CHN), ZuhauseKraftwerk (GER), Zwischenbericht (GER)<\/p>\n<p>[\/et_pb_text][et_pb_text _builder_version=&#8221;4.19.5&#8243; _module_preset=&#8221;default&#8221; global_colors_info=&#8221;{}&#8221;]<\/p>\n<p>The pictures of the construction and opening in Puebla can be seen on the ETF! <a href=\"https:\/\/www.facebook.com\/media\/set\/?set=a.595055127227802.1073741828.135671409832845&amp;type=1&amp;l=061331196b\" target=\"_blank\" rel=\"noopener\">Facebook page.<\/a><\/p>\n<p>The accompanying program offers discussions, guided tours, bike tours and much more, the link leads to the Facebook page of <a href=\"https:\/\/www.facebook.com\/CapilladelArte?fref=ts\" target=\"_blank\" rel=\"noopener\">Capilla del Arte UDLAP<\/a>.<\/p>\n<h1 class=\"x1heor9g x1qlqyl8 x1pd3egz x1a2a7pz\"><\/h1>\n<p>.<\/p>\n<p>[\/et_pb_text][\/et_pb_column][et_pb_column type=&#8221;2_5&#8243; _builder_version=&#8221;4.16&#8243; _module_preset=&#8221;default&#8221; global_colors_info=&#8221;{}&#8221;][et_pb_gallery gallery_ids=&#8221;3606,3610,3611,3609,3608,3607&#8243; fullwidth=&#8221;on&#8221; _builder_version=&#8221;4.19.5&#8243; _module_preset=&#8221;default&#8221; title_text_color=&#8221;#FFFFFF&#8221; caption_text_align=&#8221;left&#8221; background_layout=&#8221;dark&#8221; custom_margin=&#8221;||9px|||&#8221; global_colors_info=&#8221;{}&#8221;][\/et_pb_gallery][et_pb_video src=&#8221;https:\/\/vimeo.com\/77627667&#8243; _builder_version=&#8221;4.19.5&#8243; _module_preset=&#8221;default&#8221; custom_margin=&#8221;||-40px||false|false&#8221; custom_padding=&#8221;||0px||false|false&#8221; global_colors_info=&#8221;{}&#8221;][\/et_pb_video][et_pb_text _builder_version=&#8221;4.19.5&#8243; _module_preset=&#8221;default&#8221; global_colors_info=&#8221;{}&#8221;]<\/p>\n<p><a href=\"http:\/\/vimeo.com\/77627667\">examples to follow puebla mex<\/a> from <a href=\"http:\/\/vimeo.com\/florianwilke\">florian wilke<\/a> on <a href=\"https:\/\/vimeo.com\">Vimeo<\/a>.<\/p>\n<p>[\/et_pb_text][\/et_pb_column][\/et_pb_row][et_pb_row use_custom_gutter=&#8221;on&#8221; gutter_width=&#8221;2&#8243; make_equal=&#8221;on&#8221; _builder_version=&#8221;4.19.4&#8243; _module_preset=&#8221;default&#8221; module_alignment=&#8221;center&#8221; custom_padding=&#8221;3px|||||&#8221; saved_tabs=&#8221;all&#8221; global_colors_info=&#8221;{}&#8221;][et_pb_column type=&#8221;4_4&#8243; _builder_version=&#8221;4.19.4&#8243; _module_preset=&#8221;default&#8221; global_colors_info=&#8221;{}&#8221;][et_pb_text _builder_version=&#8221;4.19.4&#8243; _module_preset=&#8221;default&#8221; header_2_font=&#8221;|600|||||||&#8221; header_2_text_color=&#8221;rgba(0,0,0,0.55)&#8221; custom_margin=&#8221;13px||23px|||&#8221; global_colors_info=&#8221;{}&#8221;]<\/p>\n<h2>Impressions<\/h2>\n<p>[\/et_pb_text][modula_gallery gallery_select=&#8221;2054&#8243; _builder_version=&#8221;4.19.5&#8243; _module_preset=&#8221;default&#8221; global_colors_info=&#8221;{}&#8221;][\/modula_gallery][\/et_pb_column][\/et_pb_row][et_pb_row use_custom_gutter=&#8221;on&#8221; gutter_width=&#8221;2&#8243; make_equal=&#8221;on&#8221; _builder_version=&#8221;4.19.4&#8243; _module_preset=&#8221;default&#8221; module_alignment=&#8221;center&#8221; custom_padding=&#8221;3px||1px|||&#8221; global_colors_info=&#8221;{}&#8221;][et_pb_column type=&#8221;4_4&#8243; _builder_version=&#8221;4.19.4&#8243; _module_preset=&#8221;default&#8221; global_colors_info=&#8221;{}&#8221;][et_pb_divider color=&#8221;rgba(0,0,0,0.22)&#8221; _builder_version=&#8221;4.19.4&#8243; _module_preset=&#8221;default&#8221; global_colors_info=&#8221;{}&#8221;][\/et_pb_divider][et_pb_text _builder_version=&#8221;4.19.4&#8243; _module_preset=&#8221;default&#8221; header_2_font=&#8221;|600|||||||&#8221; header_2_text_color=&#8221;rgba(0,0,0,0.55)&#8221; custom_margin=&#8221;||23px|||&#8221; global_colors_info=&#8221;{}&#8221;]<\/p>\n<h2>Dialogue Programme<\/h2>\n<p>[\/et_pb_text][et_pb_blog posts_number=&#8221;20&#8243; include_categories=&#8221;62&#8243; excerpt_length=&#8221;100&#8243; show_more=&#8221;on&#8221; show_author=&#8221;off&#8221; show_date=&#8221;off&#8221; show_categories=&#8221;off&#8221; module_class=&#8221;et-blog-css-grid&#8221; _builder_version=&#8221;4.19.5&#8243; _module_preset=&#8221;default&#8221; header_font_size=&#8221;16px&#8221; header_line_height=&#8221;1.3em&#8221; body_text_align=&#8221;left&#8221; body_line_height=&#8221;1.4em&#8221; custom_margin=&#8221;0px||||false|false&#8221; custom_padding=&#8221;0px||||false|false&#8221; global_colors_info=&#8221;{}&#8221;][\/et_pb_blog][\/et_pb_column][\/et_pb_row][et_pb_row _builder_version=&#8221;4.20.2&#8243; _module_preset=&#8221;default&#8221; min_height=&#8221;20px&#8221; height=&#8221;10px&#8221; height_tablet=&#8221;10px&#8221; height_phone=&#8221;10px&#8221; height_last_edited=&#8221;on|phone&#8221; max_height=&#8221;1px&#8221; custom_padding=&#8221;5px||6px|||&#8221; locked=&#8221;off&#8221; global_colors_info=&#8221;{}&#8221;][et_pb_column type=&#8221;4_4&#8243; _builder_version=&#8221;4.16&#8243; _module_preset=&#8221;default&#8221; global_colors_info=&#8221;{}&#8221;][et_pb_code _builder_version=&#8221;4.19.5&#8243; _module_preset=&#8221;default&#8221; global_colors_info=&#8221;{}&#8221; min_height=&#8221;0px&#8221;]<\/p>\n<style><!-- [et_pb_line_break_holder] -->  <!-- [et_pb_line_break_holder] -->  .et-blog-css-grid > div {<!-- [et_pb_line_break_holder] -->    display: grid;<!-- [et_pb_line_break_holder] -->    grid-template-columns: repeat(auto-fill, minmax(200px, 1fr));<!-- [et_pb_line_break_holder] -->    gap: 10px;<!-- [et_pb_line_break_holder] -->  } <!-- [et_pb_line_break_holder] -->  <!-- [et_pb_line_break_holder] -->  .et-blog-css-grid .et_pb_post {<!-- [et_pb_line_break_holder] -->    align-self: start;<!-- [et_pb_line_break_holder] -->    padding: 10px;  <!-- [et_pb_line_break_holder] -->  }<!-- [et_pb_line_break_holder] -->  <!-- [et_pb_line_break_holder] -->  .et-blog-css-grid > div > div {<!-- [et_pb_line_break_holder] -->  \twidth: 100%;<!-- [et_pb_line_break_holder] -->  \tposition: absolute;<!-- [et_pb_line_break_holder] -->  \tbottom: 0;<!-- [et_pb_line_break_holder] -->  \ttransform: translate(0%, 150%);<!-- [et_pb_line_break_holder] -->  }<!-- [et_pb_line_break_holder] -->  <!-- [et_pb_line_break_holder] -->\t.et-blog-css-grid .entry-featured-image-url {<!-- [et_pb_line_break_holder] -->\t\tpadding-top: 56.25%;<!-- [et_pb_line_break_holder] -->  }<!-- [et_pb_line_break_holder] -->  .et-blog-css-grid .entry-featured-image-url img {<!-- [et_pb_line_break_holder] -->  \tposition: absolute;<!-- [et_pb_line_break_holder] -->  \theight: 100%;<!-- [et_pb_line_break_holder] -->  \twidth: 100%;<!-- [et_pb_line_break_holder] -->  \ttop: 0;<!-- [et_pb_line_break_holder] -->  \tobject-fit: cover;<!-- [et_pb_line_break_holder] -->  }<!-- [et_pb_line_break_holder] -->  <!-- [et_pb_line_break_holder] --><\/style>\n<p>[\/et_pb_code][\/et_pb_column][\/et_pb_row][\/et_pb_section][et_pb_section fb_built=&#8221;1&#8243; _builder_version=&#8221;4.19.5&#8243; _module_preset=&#8221;default&#8221; custom_padding=&#8221;5px||2px|||&#8221; global_colors_info=&#8221;{}&#8221;][et_pb_row use_custom_gutter=&#8221;on&#8221; gutter_width=&#8221;2&#8243; make_equal=&#8221;on&#8221; _builder_version=&#8221;4.19.4&#8243; _module_preset=&#8221;default&#8221; module_alignment=&#8221;center&#8221; custom_padding=&#8221;3px|||||&#8221; global_colors_info=&#8221;{}&#8221;][et_pb_column type=&#8221;4_4&#8243; _builder_version=&#8221;4.19.4&#8243; _module_preset=&#8221;default&#8221; global_colors_info=&#8221;{}&#8221;][et_pb_divider color=&#8221;rgba(0,0,0,0.22)&#8221; _builder_version=&#8221;4.19.4&#8243; _module_preset=&#8221;default&#8221; global_colors_info=&#8221;{}&#8221;][\/et_pb_divider][et_pb_text _builder_version=&#8221;4.19.4&#8243; _module_preset=&#8221;default&#8221; header_2_font=&#8221;|600|||||||&#8221; header_2_text_color=&#8221;rgba(0,0,0,0.55)&#8221; custom_margin=&#8221;||23px|||&#8221; global_colors_info=&#8221;{}&#8221;]<\/p>\n<h2>Press<\/h2>\n<p>[\/et_pb_text][et_pb_accordion open_toggle_text_color=&#8221;#000000&#8243; closed_toggle_text_color=&#8221;#aabb00&#8243; _builder_version=&#8221;4.19.5&#8243; _module_preset=&#8221;default&#8221; toggle_font=&#8221;|600|||||||&#8221; toggle_font_size=&#8221;16px&#8221; closed_toggle_font=&#8221;||||||||&#8221; global_colors_info=&#8221;{}&#8221;][et_pb_accordion_item title=&#8221;\u00d6kologische Kunst zur Nachahmung empfohlen \u2013 Subterraneos&#8221; open=&#8221;on&#8221; _builder_version=&#8221;4.19.5&#8243; _module_preset=&#8221;default&#8221; global_colors_info=&#8221;{}&#8221;]<\/p>\n<div class=\"press-container\">\n<div class=\"press-container\">\n<div class=\"press-container\">\n<h2>\u00d6kologische Kunst zur Nachahmung empfohlen<\/h2>\n<p>07.01.2014 , Subterraneos.com.mx <\/p>\n<p>\u00bbNeue wissenschaftliche Studien haben bewiesen, dass die nat\u00fcrlichen Ressourcen des Planeten ausgebeutet werden. Man hatte vorhergesagt, dass die Temperatur 2 Grad um steigen wird, aber jetzt wei\u00df man, dass sie sogar um 6 Grad steigen wird und somit die schlimmsten Konsequenzen, die wir uns vorstellen k\u00f6nnen, eintreten werden. Das ist einer der Gr\u00fcnde, weshalb sich die Industrie, die Wissenschaft und die Kunst vereinen, um neue Aktionen durchzuf\u00fchren, die ein Bewusstsein und eine gemeinsame Verantwortung ins Lebens rufen, die auf der sozialen Notwendigkeit basiert.\u00ab <\/p><\/div>\n<\/div>\n<\/div>\n<p>[\/et_pb_accordion_item][et_pb_accordion_item title=&#8221;Kunst und Bewusstsein konvergieren in Puebla \u2013 elpopular&#8221; _builder_version=&#8221;4.19.5&#8243; _module_preset=&#8221;default&#8221; global_colors_info=&#8221;{}&#8221; open=&#8221;off&#8221;]<\/p>\n<div class=\"press-container\">\n<div class=\"press-container\">\n<div class=\"press-container\">\n<h2>Kunst und Bewusstsein konvergieren in Puebla<\/h2>\n<p>07.01.2014 , elpopular.mx <\/p>\n<p>\u00bbDie BesucherInnen k\u00f6nnen auf eine neue und zeitgen\u00f6ssische Weise die \u00e4sthetischen Sprachen mit der Problematik verbinden, die unseren Planeten zugrunde macht. Verschiedene Blickpunkte die auf das Selbe zielen: die Nachhaltigkeit. [\u2026] Von den AusstellerInnen muss man sagen, dass die Ausstellung die kulturelle und \u00e4sthetische Dimension der Nachhaltigkeit sichtbar machen, um auf diese Weise die offensichtliche Abnutzung des Begriffs entgegenzuwirken. Sie sucht ein Verst\u00e4ndnis der Nachhaltigkeit zu erwecken, die als formend verstanden werden muss, ohne auf die Kunst und die Wissenschaft zu verzichten, da sie von ihnen lernen kann, in \u00fcber Transformationen, provisorischen L\u00f6sungen, Modellen und Projekten zu denken. \u00ab <\/p>\n<div class=\"press-res-src\"><\/div>\n<\/div>\n<\/div>\n<\/div>\n<p>[\/et_pb_accordion_item][\/et_pb_accordion][\/et_pb_column][\/et_pb_row][et_pb_row use_custom_gutter=&#8221;on&#8221; gutter_width=&#8221;2&#8243; make_equal=&#8221;on&#8221; _builder_version=&#8221;4.19.4&#8243; _module_preset=&#8221;default&#8221; module_alignment=&#8221;center&#8221; custom_padding=&#8221;3px||4px|||&#8221; saved_tabs=&#8221;all&#8221; global_colors_info=&#8221;{}&#8221;][et_pb_column type=&#8221;4_4&#8243; _builder_version=&#8221;4.19.4&#8243; _module_preset=&#8221;default&#8221; global_colors_info=&#8221;{}&#8221;][et_pb_divider color=&#8221;rgba(0,0,0,0.22)&#8221; _builder_version=&#8221;4.19.4&#8243; _module_preset=&#8221;default&#8221; global_colors_info=&#8221;{}&#8221;][\/et_pb_divider][et_pb_text _builder_version=&#8221;4.19.5&#8243; _module_preset=&#8221;default&#8221; link_text_color=&#8221;#aabb00&#8243; header_2_font=&#8221;|600|||||||&#8221; header_2_text_color=&#8221;rgba(0,0,0,0.55)&#8221; custom_margin=&#8221;||5px|||&#8221; global_colors_info=&#8221;{}&#8221;]<\/p>\n<h4>A project by<\/h4>\n<p><a href=\"http:\/\/www.kulturstiftung-des-bundes.de\/cms\/de\/index.jsp\" target=\"_blank\" rel=\"noopener\">Kulturstiftung des Bundes<\/a><\/p>\n<h4>In cooperation with:<\/h4>\n<p><a href=\"http:\/\/www.udlap.mx\/home.aspx?idioma=2\" target=\"_blank\" rel=\"noopener\">Universidad de las Am\u00e9ricas Puebla<\/a> \u2022 <a href=\"http:\/\/www.arquetopia.org\/\" target=\"_blank\" rel=\"noopener\">Arquetopia <\/a> \u2022 <a href=\"http:\/\/www.goethe.de\/ins\/mx\/lp\/deindex.htm?wt_sc=mx\" target=\"_blank\" rel=\"noopener\">Goethe-Institut Mexiko<\/a> \u2022 <a href=\"http:\/\/www.mx.boell.org\/\" target=\"_blank\" rel=\"noopener\">Heinrich B\u00f6ll Stiftung <\/a> \u2022 <a href=\"http:\/\/www.udlap.mx\/internas\/capilladelarte.aspx?idioma=2\" target=\"_blank\" rel=\"noopener\">Capilla del Arte <\/a> \u2022<a href=\"http:\/\/www.giz.de\/html\/index.html\" target=\"_blank\" rel=\"noopener\"> GIZ Gesellschaft f\u00fcr Internationale Zusammenarbeit<\/a><\/p>\n<h4>Sponsored by<a href=\"http:\/\/www.nkg.net\/\" target=\"_blank\" rel=\"noopener\"><\/a><\/h4>\n<p><a href=\"http:\/\/www.basf.com\/group\/corporate\/de\/index\" target=\"_blank\" rel=\"noopener\">BASF <\/a>\u2022 <a href=\"http:\/\/www.dhl.com\/en.html\" target=\"_blank\" rel=\"noopener\">DHL <\/a> \u2022 <a href=\"http:\/\/lanxess.de\/de\/corporate\/home\/\" target=\"_blank\" rel=\"noopener\">LANXESS<\/a> \u2022 <a href=\"http:\/\/www.lufthansa.com\/online\/portal\/lh\/de\/homepage?l=de&amp;cid=18002\" target=\"_blank\" rel=\"noopener\">LUFTHANSA<\/a> \u2022 <a href=\"http:\/\/mexiko.ahk.de\/kulturstiftung\/\" target=\"_blank\" rel=\"noopener\">Patronato de la Industria Alemana para la Cultura A.C.<\/a> \u2022 <a href=\"http:\/\/www.vw.com.mx\/es.html\" target=\"_blank\" rel=\"noopener\">Volkswagen <\/a>\u2022 <a href=\"http:\/\/www.ifa.de\/\" target=\"_blank\" rel=\"noopener\">IFA Institut f\u00fcr Auslandsbeziehungen <\/a> <\/p>\n<p><a href=\"http:\/\/www.addis-abeba.diplo.de\/Vertretung\/addisabeba\/de\/Startseite.html\" target=\"_blank\" rel=\"noopener\"><\/a><\/p>\n<p>[\/et_pb_text][\/et_pb_column][\/et_pb_row][\/et_pb_section][et_pb_section fb_built=&#8221;1&#8243; _builder_version=&#8221;4.16&#8243; _module_preset=&#8221;default&#8221; custom_padding=&#8221;2px|||||&#8221; global_colors_info=&#8221;{}&#8221;][et_pb_row _builder_version=&#8221;4.16&#8243; _module_preset=&#8221;default&#8221; custom_padding=&#8221;5px|||||&#8221; locked=&#8221;off&#8221; global_colors_info=&#8221;{}&#8221;][et_pb_column type=&#8221;4_4&#8243; _builder_version=&#8221;4.16&#8243; _module_preset=&#8221;default&#8221; global_colors_info=&#8221;{}&#8221;][et_pb_divider color=&#8221;rgba(0,0,0,0.5)&#8221; _builder_version=&#8221;4.16&#8243; _module_preset=&#8221;default&#8221; custom_margin=&#8221;||0px|||&#8221; custom_padding=&#8221;1px||1px|||&#8221; global_colors_info=&#8221;{}&#8221;][\/et_pb_divider][et_pb_post_nav in_same_term=&#8221;on&#8221; _builder_version=&#8221;4.19.4&#8243; _module_preset=&#8221;default&#8221; global_colors_info=&#8221;{}&#8221;][\/et_pb_post_nav][\/et_pb_column][\/et_pb_row][\/et_pb_section]<\/p>\n","protected":false},"excerpt":{"rendered":"<p>Mexico | Puebla | 2013 11. Venue17.10.2013 &#8211; 19.01.2014 Capilla del Arte &#8211; 2 Norte 6, Centro Hist\u00f3rico de PueblaOPENING October 17th 2013, 7.30pmIn Mexico, 6 Mexican artists will complement the exhibition:Aziza Alaoui , Francis Al\u00ffs, Emiliano Godoy, Gustavo Lipkau, Pedro Reyes, Ariel Rojo Artists Aziza Alaoui (MAR | MEX), Ravi Agarwal (IND), Jennifer Allora [&hellip;]<\/p>\n","protected":false},"author":1,"featured_media":3606,"comment_status":"closed","ping_status":"closed","template":"","meta":{"_acf_changed":false,"_et_pb_use_builder":"on","_et_pb_old_content":"","_et_gb_content_width":"","footnotes":""},"project_category":[85,103],"project_tag":[],"class_list":["post-5616","project","type-project","status-publish","has-post-thumbnail","hentry","project_category-all-venues","project_category-puebla-2014-en"],"acf":[],"_links":{"self":[{"href":"https:\/\/zur-nachahmung-empfohlen.de\/en\/wp-json\/wp\/v2\/project\/5616","targetHints":{"allow":["GET"]}}],"collection":[{"href":"https:\/\/zur-nachahmung-empfohlen.de\/en\/wp-json\/wp\/v2\/project"}],"about":[{"href":"https:\/\/zur-nachahmung-empfohlen.de\/en\/wp-json\/wp\/v2\/types\/project"}],"author":[{"embeddable":true,"href":"https:\/\/zur-nachahmung-empfohlen.de\/en\/wp-json\/wp\/v2\/users\/1"}],"replies":[{"embeddable":true,"href":"https:\/\/zur-nachahmung-empfohlen.de\/en\/wp-json\/wp\/v2\/comments?post=5616"}],"version-history":[{"count":9,"href":"https:\/\/zur-nachahmung-empfohlen.de\/en\/wp-json\/wp\/v2\/project\/5616\/revisions"}],"predecessor-version":[{"id":6863,"href":"https:\/\/zur-nachahmung-empfohlen.de\/en\/wp-json\/wp\/v2\/project\/5616\/revisions\/6863"}],"wp:featuredmedia":[{"embeddable":true,"href":"https:\/\/zur-nachahmung-empfohlen.de\/en\/wp-json\/wp\/v2\/media\/3606"}],"wp:attachment":[{"href":"https:\/\/zur-nachahmung-empfohlen.de\/en\/wp-json\/wp\/v2\/media?parent=5616"}],"wp:term":[{"taxonomy":"project_category","embeddable":true,"href":"https:\/\/zur-nachahmung-empfohlen.de\/en\/wp-json\/wp\/v2\/project_category?post=5616"},{"taxonomy":"project_tag","embeddable":true,"href":"https:\/\/zur-nachahmung-empfohlen.de\/en\/wp-json\/wp\/v2\/project_tag?post=5616"}],"curies":[{"name":"wp","href":"https:\/\/api.w.org\/{rel}","templated":true}]}}