{"id":6883,"date":"2023-02-20T16:50:22","date_gmt":"2023-02-20T15:50:22","guid":{"rendered":"https:\/\/zur-nachahmung-empfohlen.de\/presse-resonance\/"},"modified":"2023-03-15T13:48:32","modified_gmt":"2023-03-15T12:48:32","slug":"presse-resonance","status":"publish","type":"page","link":"https:\/\/zur-nachahmung-empfohlen.de\/en\/presse-resonance\/","title":{"rendered":"Presse Resonance"},"content":{"rendered":"<p>[et_pb_section fb_built=&#8221;1&#8243; admin_label=&#8221;Key Visual ZNE!&#8221; _builder_version=&#8221;4.16&#8243; background_enable_color=&#8221;off&#8221; background_color_gradient_direction=&#8221;90deg&#8221; background_color_gradient_start=&#8221;rgba(148,166,191,0.34)&#8221; background_color_gradient_end=&#8221;#f4f4f4&#8243; background_enable_image=&#8221;off&#8221; background_blend=&#8221;multiply&#8221; module_alignment=&#8221;center&#8221; custom_margin=&#8221;0px||0px||false|false&#8221; custom_padding=&#8221;0px|0|0px||true|false&#8221; global_module=&#8221;315&#8243; saved_tabs=&#8221;all&#8221; global_colors_info=&#8221;{}&#8221;][et_pb_row _builder_version=&#8221;4.16&#8243; background_size=&#8221;initial&#8221; background_position=&#8221;top_left&#8221; background_repeat=&#8221;repeat&#8221; width=&#8221;100%&#8221; max_width=&#8221;2560px&#8221; module_alignment=&#8221;center&#8221; custom_margin=&#8221;0px|0px|0px|0px|true|true&#8221; custom_padding=&#8221;0px|0px|0px|0px|true|true&#8221; global_colors_info=&#8221;{}&#8221;][et_pb_column type=&#8221;4_4&#8243; _builder_version=&#8221;4.16&#8243; custom_padding=&#8221;|||&#8221; global_colors_info=&#8221;{}&#8221; custom_padding__hover=&#8221;|||&#8221;][et_pb_image src=&#8221;https:\/\/zur-nachahmung-empfohlen.de\/wp-content\/uploads\/2023\/03\/ZNE_banner-neu-1-scaled.jpg&#8221; title_text=&#8221;ETF!&#8221; align=&#8221;center&#8221; force_fullwidth=&#8221;on&#8221; src_tablet=&#8221;https:\/\/zur-nachahmung-empfohlen.de\/wp-content\/uploads\/2023\/03\/ZNE_banner-neu.jpg&#8221; src_phone=&#8221;https:\/\/zur-nachahmung-empfohlen.de\/wp-content\/uploads\/2023\/03\/ZNE_banner-neu.jpg&#8221; src_last_edited=&#8221;on|phone&#8221; align_tablet=&#8221;center&#8221; align_phone=&#8221;center&#8221; align_last_edited=&#8221;on|desktop&#8221; _builder_version=&#8221;4.20.0&#8243; animation_direction=&#8221;left&#8221; global_colors_info=&#8221;{}&#8221;][\/et_pb_image][\/et_pb_column][\/et_pb_row][\/et_pb_section][et_pb_section fb_built=&#8221;1&#8243; admin_label=&#8221;Key Visual ZNE!&#8221; _builder_version=&#8221;4.19.4&#8243; background_color=&#8221;#FFFFFF&#8221; background_color_gradient_direction=&#8221;90deg&#8221; background_color_gradient_start=&#8221;rgba(148,166,191,0.34)&#8221; background_color_gradient_end=&#8221;#f4f4f4&#8243; background_enable_image=&#8221;off&#8221; background_blend=&#8221;multiply&#8221; module_alignment=&#8221;center&#8221; custom_margin=&#8221;0px||0px||false|false&#8221; custom_padding=&#8221;3px|0|3px||true|false&#8221; locked=&#8221;off&#8221; global_colors_info=&#8221;{}&#8221;][et_pb_row _builder_version=&#8221;4.19.4&#8243; _module_preset=&#8221;default&#8221; custom_margin=&#8221;60px|auto||auto|false|false&#8221; custom_margin_tablet=&#8221;0px||||false|false&#8221; custom_margin_phone=&#8221;0px||||false|false&#8221; custom_margin_last_edited=&#8221;on|phone&#8221; custom_padding=&#8221;||0px||false|false&#8221; global_colors_info=&#8221;{}&#8221;][et_pb_column type=&#8221;4_4&#8243; _builder_version=&#8221;4.16&#8243; _module_preset=&#8221;default&#8221; global_colors_info=&#8221;{}&#8221;][et_pb_text admin_label=&#8221;Title&#8221; _builder_version=&#8221;4.20.0&#8243; text_font=&#8221;||||||||&#8221; text_font_size=&#8221;16px&#8221; header_font=&#8221;Source Sans Pro||||||||&#8221; header_text_color=&#8221;gcid-a671540a-66c7-4dd2-9937-18274b5eb601&#8243; header_font_size=&#8221;56px&#8221; header_2_font_size=&#8221;30px&#8221; header_2_line_height=&#8221;1.1em&#8221; header_3_text_color=&#8221;#666666&#8243; header_3_font_size=&#8221;25px&#8221; header_3_line_height=&#8221;1.6em&#8221; header_4_font=&#8221;|600||on|||||&#8221; header_4_text_color=&#8221;#aabb00&#8243; header_4_letter_spacing=&#8221;2px&#8221; header_4_line_height=&#8221;1.6em&#8221; width=&#8221;83%&#8221; custom_margin=&#8221;0px||0px||false|false&#8221; custom_margin_tablet=&#8221;||0px||false|false&#8221; custom_margin_phone=&#8221;||0px||false|false&#8221; custom_margin_last_edited=&#8221;on|desktop&#8221; custom_padding=&#8221;0px||0px||false|false&#8221; animation_direction=&#8221;right&#8221; header_font_size_tablet=&#8221;40px&#8221; header_font_size_phone=&#8221;&#8221; header_font_size_last_edited=&#8221;on|tablet&#8221; global_colors_info=&#8221;{%22gcid-a671540a-66c7-4dd2-9937-18274b5eb601%22:%91%22header_text_color%22%93}&#8221;]<\/p>\n<h1>Press Resonance<\/h1>\n<p>[\/et_pb_text][\/et_pb_column][\/et_pb_row][et_pb_row use_custom_gutter=&#8221;on&#8221; gutter_width=&#8221;2&#8243; make_equal=&#8221;on&#8221; _builder_version=&#8221;4.19.4&#8243; _module_preset=&#8221;default&#8221; module_alignment=&#8221;center&#8221; custom_padding=&#8221;3px||5px|||&#8221; saved_tabs=&#8221;all&#8221; global_colors_info=&#8221;{}&#8221;][et_pb_column type=&#8221;4_4&#8243; _builder_version=&#8221;4.19.4&#8243; _module_preset=&#8221;default&#8221; global_colors_info=&#8221;{}&#8221;][et_pb_divider color=&#8221;rgba(0,0,0,0.22)&#8221; _builder_version=&#8221;4.19.4&#8243; _module_preset=&#8221;default&#8221; global_colors_info=&#8221;{}&#8221;][\/et_pb_divider][\/et_pb_column][\/et_pb_row][\/et_pb_section][et_pb_section fb_built=&#8221;1&#8243; _builder_version=&#8221;4.20.0&#8243; _module_preset=&#8221;default&#8221; custom_padding=&#8221;0px||1px|||&#8221; global_colors_info=&#8221;{}&#8221;][et_pb_row use_custom_gutter=&#8221;on&#8221; gutter_width=&#8221;2&#8243; make_equal=&#8221;on&#8221; _builder_version=&#8221;4.19.4&#8243; _module_preset=&#8221;default&#8221; module_alignment=&#8221;center&#8221; custom_padding=&#8221;3px|||||&#8221; locked=&#8221;off&#8221; global_colors_info=&#8221;{}&#8221;][et_pb_column type=&#8221;4_4&#8243; _builder_version=&#8221;4.19.4&#8243; _module_preset=&#8221;default&#8221; global_colors_info=&#8221;{}&#8221;][et_pb_text _builder_version=&#8221;4.20.2&#8243; _module_preset=&#8221;default&#8221; header_2_font=&#8221;|600|||||||&#8221; header_2_text_color=&#8221;rgba(0,0,0,0.55)&#8221; custom_margin=&#8221;||23px|||&#8221; global_colors_info=&#8221;{}&#8221;]<\/p>\n<h2>Israel | Jerusalem | Haifa | 2021<\/h2>\n<p>[\/et_pb_text][et_pb_accordion open_toggle_text_color=&#8221;#000000&#8243; closed_toggle_text_color=&#8221;#aabb00&#8243; _builder_version=&#8221;4.20.2&#8243; _module_preset=&#8221;default&#8221; toggle_font=&#8221;|600|||||||&#8221; toggle_font_size=&#8221;16px&#8221; closed_toggle_font=&#8221;||||||||&#8221; global_colors_info=&#8221;{}&#8221;][et_pb_accordion_item title=&#8221;5.12.21 A journey between aesthetics and sustainability \u2013 Haifa News&#8221; open=&#8221;on&#8221; _builder_version=&#8221;4.20.2&#8243; _module_preset=&#8221;default&#8221; global_colors_info=&#8221;{}&#8221;]<\/p>\n<div class=\"press-container\">\n<div class=\"press-container\">\n<div class=\"press-container\">\n<h2>A journey between aesthetics and sustainability<\/h2>\n<p>05.12.2021 , Tagit Klimor in Haifa News<\/p>\n<p>\u00bbTagit Klimor &#8211; Following COP26, which took place in Glasgow last year, it seems that many countries are still procrastinating in promoting sustainable agendas. The conference was accompanied with demonstrations by young people around the world, who understand the catastrophic consequences of this complacency. Humanity continues to systematically destroy the environment. Globally, only 36% of the rainforests remain intact, and in Israel, which is particularly scarce in natural resources and green lands, we witness widespread fires every year. The international exhibition \u2018ETF! Examples To Follow! expeditions in aesthetics and sustainability\u2019 deals with the global climate crisis and tries to raise awareness and encourage a proactive approach. The exhibition was displayed in Jerusalem at the Museum on the Seam and at Pyramida, a center for contemporary art in Haifa. The exhibition examined key questions related to the environmental crisis around the topics of climate change, biodiversity at risk, deforestation, pollution, water resources and food shortages, as well as the impact of these changes on deprived communities around the world. The purpose of the exhibition was to raise awareness to the destructive consequences of our own actions and to encourage a sustainable lifestyle. The exhibition, curated by Adrienne Goehler, premiered in Berlin in 2010 and has been displayed across 27 countries. The exhibition features 70 leading artists from around the world, including Israel, emphasizing the universal and local ecological challenges we are facing. As an architect, artist and a lecturer, I have been engaging with environmental issues for many years, and I was honored to take part in this important exhibition. Two of my works have been selected, and it was a privilege having them displayed alongside prominent and well-respected artists such as Josef Beuys, Olafur Eliasson, Sigalit Landau, Jennifer Allora &amp; Guillermo Calzadilla and many more. The sculpture Urban Siach was displayed at the Museum on the Seam and Depletion installation was displayed at Pyramida art center. [&#8230;] Everyone has a role. In nature, every plant, shrub and tree, every animal &#8211; big or small &#8211; has an important role to play in maintaining ecological balance, enabling mutual existence. Thus, each and every one of us has an important role in setting an agenda that promotes and contributes to the preservation of the environment, for the future of generations to come. I do believe change is in our hands. The artist, Tagit Klimor, is a multidisciplinary architect, artist, a founding partner of Knafo Klimor Architects and Senior lecturer at the Faculty of Architecture and Town Planning at the Technion, Institute of Technology, Haifa, Israel.\u00ab                 <\/p>\n<\/div>\n<\/div>\n<\/div>\n<p>[\/et_pb_accordion_item][et_pb_accordion_item title=&#8221;9.10.21 Expeditions between aesthetics and sustainability: The climate crisis at the center of an exhibition at the Museum on the Seam \u2013 Talking Art&#8221; _builder_version=&#8221;4.20.2&#8243; _module_preset=&#8221;default&#8221; global_colors_info=&#8221;{}&#8221; open=&#8221;off&#8221;]<\/p>\n<div class=\"press-container\">\n<div class=\"press-container\">\n<div class=\"press-container\">\n<h2>Expeditions between aesthetics and sustainability: The climate crisis at the center of an exhibition at the Museum on the Seam<\/h2>\n<p>09.10.2021 , Zo HaDerekh<\/p>\n<p>\u00bbThe Jerusalem Museum On the Seam, which sees itself as a social museum of contemporary art, is presenting an international exhibition on the climate crisis under the title &#8220;Examples to Follow &#8211; Expeditions in Aesthetics and Sustainability&#8221;. It is a traveling exhibition, curated by Adrienne G\u00f6hler from Berlin. The exhibition, which arrived in Jerusalem last month, features some of the most prominent voices in contemporary international and local art. The exhibition shows 102 artists from 27 countries, including Israel, Germany, China, USA, Cuba, Mexico, Brazil, Chile, Poland, Afghanistan, France, Denmark, Brazil, Spain, South Africa, Switzerland, the Netherlands and South Korea. The exhibition was first shown in Berlin in 2010 and has since traveled around the world. Wherever it is shown, several local artists take part in the exhibition and address the ecological challenges in their local context. In floods, deforestation, climate change and biodiversity loss &#8211; these and more various layers directly affect the universe in which we live. &#8220;The term climate crisis is intended to convey the urgency of tackling the problem. Now more than ever, with the fires and floods that are sweeping the world and knocking on our door, we must act quickly and decisively to reduce our environmental footprint.&#8221; The exhibition aims to promote a vision of living sustainably. They emphasizes the idea that everyone can be part of the revolution and work to save the climate. In a unique collaboration, the Museum on the Seam and the Center for Contemporary Art Pyramida in Haifa are offering a joint and inclusive stage for an international exhibition, &#8220;which carries a message of sustainability on its banner and highlights such an acute problem for our lives and future generations.&#8221; The Museum on the Seam emphasized: \u201cJerusalem and Haifa, two similar but distinctly different cities, confront the reality of living together in a complex and challenging space. We all share the same planet, regardless of religion, gender, race and nationality, and it is our duty to preserve, bridge and work together towards our shared future.&#8221;\u00ab<\/p>\n<\/div>\n<\/div>\n<\/div>\n<p>[\/et_pb_accordion_item][et_pb_accordion_item title=&#8221;6.9.21 Get out of the bubble &quot;Examples to follow! Expeditions between aesthetics and sustainability\u201c \u2013 Talking Art&#8221; _builder_version=&#8221;4.20.2&#8243; _module_preset=&#8221;default&#8221; global_colors_info=&#8221;{}&#8221; open=&#8221;off&#8221;]<\/p>\n<div class=\"press-container\">\n<div class=\"press-container\">\n<div class=\"press-container\">\n<h2>Get out of the bubble &#8220;Examples to follow! Expeditions between aesthetics and sustainability\u201c<\/h2>\n<p>06.09.2021 , Talking Art<\/p>\n<p>\u00bbImmer wieder sind wir beeindruckt von den inspirierenden Aktivit\u00e4ten des Museum on the Seam in Jerusalem. Es ist so wichtig, mindestens ein solches Museum zu haben, das sich zum Ziel gesetzt hat, das Bewusstsein f\u00fcr brennende politische Themen zu sch\u00e4rfen, und erkannt hat, dass Kunst ein gro\u00dfartiges Serverwerkzeug ist, das als Sprachrohr f\u00fcr Ver\u00e4nderungen dienen kann. Die aktuelle Ausstellung ist eine Sammlung von Werken aus aller Welt, die die Ungerechtigkeiten und Torheiten in Bezug auf die \u201eKlimakrise\u201c und den Einfluss des Menschen auf Natur und \u00d6kologie aufdecken. Es ist nicht das erste Mal, dass im Museum eine Ausstellung zu diesem Thema gezeigt wird. Aber dieses Mal ist es eine Wanderausstellung, die erstmals 2010 in Berlin stattfand und auf der ganzen Welt gezeigt wurde, und einige der prominentesten Stimmen der zeitgen\u00f6ssischen internationalen Kunst einbezieht, die zu Ma\u00dfnahmen zur Verringerung unseres \u00f6kologischen Fu\u00dfabdrucks aufrufen. \u00ab<\/p>\n<\/div>\n<\/div>\n<\/div>\n<p>[\/et_pb_accordion_item][\/et_pb_accordion][\/et_pb_column][\/et_pb_row][\/et_pb_section][et_pb_section fb_built=&#8221;1&#8243; admin_label=&#8221;Key Visual ZNE!&#8221; _builder_version=&#8221;4.20.2&#8243; background_color=&#8221;#FFFFFF&#8221; background_color_gradient_direction=&#8221;90deg&#8221; background_color_gradient_start=&#8221;rgba(148,166,191,0.34)&#8221; background_color_gradient_end=&#8221;#f4f4f4&#8243; background_enable_image=&#8221;off&#8221; background_blend=&#8221;multiply&#8221; module_alignment=&#8221;center&#8221; custom_margin=&#8221;0px||0px||false|false&#8221; custom_padding=&#8221;0px|0|30px||false|false&#8221; global_colors_info=&#8221;{}&#8221;][et_pb_row use_custom_gutter=&#8221;on&#8221; gutter_width=&#8221;2&#8243; make_equal=&#8221;on&#8221; _builder_version=&#8221;4.19.4&#8243; _module_preset=&#8221;default&#8221; module_alignment=&#8221;center&#8221; custom_padding=&#8221;3px||1px|||&#8221; global_colors_info=&#8221;{}&#8221;][et_pb_column type=&#8221;4_4&#8243; _builder_version=&#8221;4.19.4&#8243; _module_preset=&#8221;default&#8221; global_colors_info=&#8221;{}&#8221;][et_pb_divider color=&#8221;rgba(0,0,0,0.22)&#8221; _builder_version=&#8221;4.19.4&#8243; _module_preset=&#8221;default&#8221; global_colors_info=&#8221;{}&#8221;][\/et_pb_divider][et_pb_text _builder_version=&#8221;4.20.2&#8243; _module_preset=&#8221;default&#8221; header_2_font=&#8221;|600|||||||&#8221; header_2_text_color=&#8221;rgba(0,0,0,0.55)&#8221; custom_margin=&#8221;||23px|||&#8221; locked=&#8221;off&#8221; global_colors_info=&#8221;{}&#8221;]<\/p>\n<h2>Erfurt | 2019<\/h2>\n<p>[\/et_pb_text][\/et_pb_column][\/et_pb_row][et_pb_row use_custom_gutter=&#8221;on&#8221; gutter_width=&#8221;2&#8243; make_equal=&#8221;on&#8221; _builder_version=&#8221;4.19.4&#8243; _module_preset=&#8221;default&#8221; module_alignment=&#8221;center&#8221; custom_padding=&#8221;3px||3px|||&#8221; locked=&#8221;off&#8221; global_colors_info=&#8221;{}&#8221;][et_pb_column type=&#8221;4_4&#8243; _builder_version=&#8221;4.19.4&#8243; _module_preset=&#8221;default&#8221; global_colors_info=&#8221;{}&#8221;][et_pb_accordion open_toggle_text_color=&#8221;#000000&#8243; closed_toggle_text_color=&#8221;#aabb00&#8243; _builder_version=&#8221;4.20.2&#8243; _module_preset=&#8221;default&#8221; toggle_font=&#8221;|600|||||||&#8221; toggle_font_size=&#8221;16px&#8221; closed_toggle_font=&#8221;||||||||&#8221; global_colors_info=&#8221;{}&#8221;][et_pb_accordion_item title=&#8221;26.7.19 Die Wanzen klagen an \u2013 Thu\u0308ringer Landeszeitung &#8221; open=&#8221;on&#8221; _builder_version=&#8221;4.20.2&#8243; _module_preset=&#8221;default&#8221; global_colors_info=&#8221;{}&#8221;]<\/p>\n<div class=\"press-container\">\n<div class=\"press-container\">\n<div class=\"press-container\">\n<div class=\"press-container\">\n<h1>Die Wanzen klagen an<\/h1>\n<p>26.07.2019 , Thu\u0308ringer Landeszeitung<\/p>\n<p>\u00bbFu\u0308r die Dauerbrenner aus den Nachrichten funktioniert die Ausstellung als emotionales Sprachrohr. Andere Themen werden sonst weniger diskutiert. Eine Arbeit befasst sich zum Beispiel mit Elektrosmog unter Hochspannungsleitungen. Ein Mathematiker veranschaulicht in einer Serie von Fotomontagen, wie viel Kohlendioxid die Internet-Nutzung verbraucht.\u00ab<\/p>\n<\/div>\n<\/div>\n<\/div>\n<\/div>\n<p>[\/et_pb_accordion_item][\/et_pb_accordion][\/et_pb_column][\/et_pb_row][\/et_pb_section][et_pb_section fb_built=&#8221;1&#8243; admin_label=&#8221;Key Visual ZNE!&#8221; _builder_version=&#8221;4.20.2&#8243; background_color=&#8221;#FFFFFF&#8221; background_color_gradient_direction=&#8221;90deg&#8221; background_color_gradient_start=&#8221;rgba(148,166,191,0.34)&#8221; background_color_gradient_end=&#8221;#f4f4f4&#8243; background_enable_image=&#8221;off&#8221; background_blend=&#8221;multiply&#8221; module_alignment=&#8221;center&#8221; custom_margin=&#8221;0px||0px||false|false&#8221; custom_padding=&#8221;0px|0|30px||false|false&#8221; global_colors_info=&#8221;{}&#8221;][et_pb_row use_custom_gutter=&#8221;on&#8221; gutter_width=&#8221;2&#8243; make_equal=&#8221;on&#8221; _builder_version=&#8221;4.19.4&#8243; _module_preset=&#8221;default&#8221; module_alignment=&#8221;center&#8221; custom_padding=&#8221;3px||1px|||&#8221; global_colors_info=&#8221;{}&#8221;][et_pb_column type=&#8221;4_4&#8243; _builder_version=&#8221;4.19.4&#8243; _module_preset=&#8221;default&#8221; global_colors_info=&#8221;{}&#8221;][et_pb_divider color=&#8221;rgba(0,0,0,0.22)&#8221; _builder_version=&#8221;4.19.4&#8243; _module_preset=&#8221;default&#8221; global_colors_info=&#8221;{}&#8221;][\/et_pb_divider][et_pb_text _builder_version=&#8221;4.20.2&#8243; _module_preset=&#8221;default&#8221; header_2_font=&#8221;|600|||||||&#8221; header_2_text_color=&#8221;rgba(0,0,0,0.55)&#8221; custom_margin=&#8221;||23px|||&#8221; locked=&#8221;off&#8221; global_colors_info=&#8221;{}&#8221;]<\/p>\n<h2>Bonn | 2018<\/h2>\n<p>[\/et_pb_text][\/et_pb_column][\/et_pb_row][et_pb_row use_custom_gutter=&#8221;on&#8221; gutter_width=&#8221;2&#8243; make_equal=&#8221;on&#8221; _builder_version=&#8221;4.19.4&#8243; _module_preset=&#8221;default&#8221; module_alignment=&#8221;center&#8221; custom_padding=&#8221;3px||3px|||&#8221; locked=&#8221;off&#8221; global_colors_info=&#8221;{}&#8221;][et_pb_column type=&#8221;4_4&#8243; _builder_version=&#8221;4.19.4&#8243; _module_preset=&#8221;default&#8221; global_colors_info=&#8221;{}&#8221;][et_pb_accordion open_toggle_text_color=&#8221;#000000&#8243; closed_toggle_text_color=&#8221;#aabb00&#8243; _builder_version=&#8221;4.20.2&#8243; _module_preset=&#8221;default&#8221; toggle_font=&#8221;|600|||||||&#8221; toggle_font_size=&#8221;16px&#8221; closed_toggle_font=&#8221;||||||||&#8221; global_colors_info=&#8221;{}&#8221;][et_pb_accordion_item title=&#8221;1.6.18 ZNE! An example to follow! Expeditions in aesthetics and sustainability &#8211; Schn\u00fcss Bonn&#8221; open=&#8221;on&#8221; _builder_version=&#8221;4.20.2&#8243; _module_preset=&#8221;default&#8221; global_colors_info=&#8221;{}&#8221;]<\/p>\n<div class=\"press-container\">\n<div class=\"press-container\">\n<div class=\"press-container\">\n<div class=\"press-container\">\n<h1>ETF! An example to follow! Expeditions\/Explorations in aesthetics and sustainability<\/h1>\n<p>01.06.2018, Schn\u00fcss Bonn<\/p>\n<p>\u00bbEin atmender Laubhaufen. Ein B\u00e4llebad mit Plastikt\u00fcten. Eine Waschmaschine, die per Muskelkraft betrieben wird: Die Ausstellung \u201cZNE!\u201d wimmelt vor wunderbaren, kuriosen, \u00fcberraschenden Einf\u00e4llen.\u00ab<\/p>\n<\/div>\n<\/div>\n<\/div>\n<\/div>\n<p>[\/et_pb_accordion_item][\/et_pb_accordion][\/et_pb_column][\/et_pb_row][\/et_pb_section][et_pb_section fb_built=&#8221;1&#8243; admin_label=&#8221;Key Visual ZNE!&#8221; _builder_version=&#8221;4.20.2&#8243; background_color=&#8221;#FFFFFF&#8221; background_color_gradient_direction=&#8221;90deg&#8221; background_color_gradient_start=&#8221;rgba(148,166,191,0.34)&#8221; background_color_gradient_end=&#8221;#f4f4f4&#8243; background_enable_image=&#8221;off&#8221; background_blend=&#8221;multiply&#8221; module_alignment=&#8221;center&#8221; custom_margin=&#8221;0px||0px||false|false&#8221; custom_padding=&#8221;0px|0|30px||false|false&#8221; global_colors_info=&#8221;{}&#8221;][et_pb_row use_custom_gutter=&#8221;on&#8221; gutter_width=&#8221;2&#8243; make_equal=&#8221;on&#8221; _builder_version=&#8221;4.19.4&#8243; _module_preset=&#8221;default&#8221; module_alignment=&#8221;center&#8221; custom_padding=&#8221;3px||1px|||&#8221; global_colors_info=&#8221;{}&#8221;][et_pb_column type=&#8221;4_4&#8243; _builder_version=&#8221;4.19.4&#8243; _module_preset=&#8221;default&#8221; global_colors_info=&#8221;{}&#8221;][et_pb_divider color=&#8221;rgba(0,0,0,0.22)&#8221; _builder_version=&#8221;4.19.4&#8243; _module_preset=&#8221;default&#8221; global_colors_info=&#8221;{}&#8221;][\/et_pb_divider][et_pb_text _builder_version=&#8221;4.20.2&#8243; _module_preset=&#8221;default&#8221; header_2_font=&#8221;|600|||||||&#8221; header_2_text_color=&#8221;rgba(0,0,0,0.55)&#8221; custom_margin=&#8221;||23px|||&#8221; locked=&#8221;off&#8221; global_colors_info=&#8221;{}&#8221;]<\/p>\n<h2>Chile | Valpara\u00edso | 2017<\/h2>\n<p>[\/et_pb_text][\/et_pb_column][\/et_pb_row][et_pb_row use_custom_gutter=&#8221;on&#8221; gutter_width=&#8221;2&#8243; make_equal=&#8221;on&#8221; _builder_version=&#8221;4.19.4&#8243; _module_preset=&#8221;default&#8221; module_alignment=&#8221;center&#8221; custom_padding=&#8221;3px||3px|||&#8221; locked=&#8221;off&#8221; global_colors_info=&#8221;{}&#8221;][et_pb_column type=&#8221;4_4&#8243; _builder_version=&#8221;4.19.4&#8243; _module_preset=&#8221;default&#8221; global_colors_info=&#8221;{}&#8221;][et_pb_accordion open_toggle_text_color=&#8221;#000000&#8243; closed_toggle_text_color=&#8221;#aabb00&#8243; _builder_version=&#8221;4.20.2&#8243; _module_preset=&#8221;default&#8221; toggle_font=&#8221;|600|||||||&#8221; toggle_font_size=&#8221;16px&#8221; closed_toggle_font=&#8221;||||||||&#8221; global_colors_info=&#8221;{}&#8221;][et_pb_accordion_item title=&#8221;8.6.17 Cuando los caminos del arte se hacen sustentables \u2013 La Tercera &#8221; open=&#8221;on&#8221; _builder_version=&#8221;4.20.2&#8243; _module_preset=&#8221;default&#8221; global_colors_info=&#8221;{}&#8221;]<\/p>\n<div class=\"press-container\">\n<div class=\"press-container\">\n<div class=\"press-container\">\n<div class=\"press-container\">\n<h1>Cuando los caminos del arte se hacen sustentables<\/h1>\n<p>08.06.2017 , La Tercera<\/p>\n<p>\u00bbPropuesta como \u00e9stas han cambiado la forma en que se reflexiona temas pol\u00edticos y medio-ambientales usando las herramientas del arte, y al mismo tiempo han inspirado la muestra internacional &#8220;\u00a1ejemplos a seguir- expediciones en est\u00e9tica y sustanbilidad&#8221; que re\u00fane a m\u00e1s de 60 artistas con sus respectivas obras.\u00ab<\/p>\n<\/div>\n<\/div>\n<\/div>\n<\/div>\n<p>[\/et_pb_accordion_item][\/et_pb_accordion][\/et_pb_column][\/et_pb_row][\/et_pb_section][et_pb_section fb_built=&#8221;1&#8243; admin_label=&#8221;Key Visual ZNE!&#8221; _builder_version=&#8221;4.20.2&#8243; background_color=&#8221;#FFFFFF&#8221; background_color_gradient_direction=&#8221;90deg&#8221; background_color_gradient_start=&#8221;rgba(148,166,191,0.34)&#8221; background_color_gradient_end=&#8221;#f4f4f4&#8243; background_enable_image=&#8221;off&#8221; background_blend=&#8221;multiply&#8221; module_alignment=&#8221;center&#8221; custom_margin=&#8221;0px||0px||false|false&#8221; custom_padding=&#8221;0px|0|30px||false|false&#8221; global_colors_info=&#8221;{}&#8221;][et_pb_row use_custom_gutter=&#8221;on&#8221; gutter_width=&#8221;2&#8243; make_equal=&#8221;on&#8221; _builder_version=&#8221;4.19.4&#8243; _module_preset=&#8221;default&#8221; module_alignment=&#8221;center&#8221; custom_padding=&#8221;3px||1px|||&#8221; global_colors_info=&#8221;{}&#8221;][et_pb_column type=&#8221;4_4&#8243; _builder_version=&#8221;4.19.4&#8243; _module_preset=&#8221;default&#8221; global_colors_info=&#8221;{}&#8221;][et_pb_divider color=&#8221;rgba(0,0,0,0.22)&#8221; _builder_version=&#8221;4.19.4&#8243; _module_preset=&#8221;default&#8221; global_colors_info=&#8221;{}&#8221;][\/et_pb_divider][et_pb_text _builder_version=&#8221;4.20.2&#8243; _module_preset=&#8221;default&#8221; header_2_font=&#8221;|600|||||||&#8221; header_2_text_color=&#8221;rgba(0,0,0,0.55)&#8221; custom_margin=&#8221;||23px|||&#8221; locked=&#8221;off&#8221; global_colors_info=&#8221;{}&#8221;]<\/p>\n<h2>Schwerin | 2016<\/h2>\n<p>[\/et_pb_text][\/et_pb_column][\/et_pb_row][et_pb_row use_custom_gutter=&#8221;on&#8221; gutter_width=&#8221;2&#8243; make_equal=&#8221;on&#8221; _builder_version=&#8221;4.19.4&#8243; _module_preset=&#8221;default&#8221; module_alignment=&#8221;center&#8221; custom_padding=&#8221;3px||3px|||&#8221; locked=&#8221;off&#8221; global_colors_info=&#8221;{}&#8221;][et_pb_column type=&#8221;4_4&#8243; _builder_version=&#8221;4.19.4&#8243; _module_preset=&#8221;default&#8221; global_colors_info=&#8221;{}&#8221;][et_pb_accordion open_toggle_text_color=&#8221;#000000&#8243; closed_toggle_text_color=&#8221;#aabb00&#8243; _builder_version=&#8221;4.20.2&#8243; _module_preset=&#8221;default&#8221; toggle_font=&#8221;|600|||||||&#8221; toggle_font_size=&#8221;16px&#8221; closed_toggle_font=&#8221;||||||||&#8221; global_colors_info=&#8221;{}&#8221;][et_pb_accordion_item title=&#8221;29.6.16 Wie viel Nachhaltigkeit wollen wir? \u2013 Schweriner Volkszeitung&#8221; open=&#8221;on&#8221; _builder_version=&#8221;4.20.2&#8243; _module_preset=&#8221;default&#8221; global_colors_info=&#8221;{}&#8221;]<\/p>\n<div class=\"press-container\">\n<div class=\"press-container\">\n<div class=\"press-container\">\n<div class=\"press-container\">\n<h1>Wie viel Nachhaltigkeit wollen wir?<\/h1>\n<p>29.06.2016 , Schweriner Volkszeitung<\/p>\n<p>\u00bbZiel der Ausstellung ist es zum Nachdenken anzuregen, das eigene Handeln mit Blick auf Nachhaltigkeit zu pr\u00fcfen, nicht nur vom Blick \u00fcber den Tellerrand zu reden, sondern sich auch f\u00fcr die Probleme anderer Menschen oder V\u00f6lker zu interessieren &#8211; und das eigene Handeln zu \u00e4ndern. Wer die Welt retten will, sollte bei sich selbst anfangen.\u00ab<\/p>\n<\/div>\n<\/div>\n<\/div>\n<\/div>\n<p>[\/et_pb_accordion_item][\/et_pb_accordion][\/et_pb_column][\/et_pb_row][\/et_pb_section][et_pb_section fb_built=&#8221;1&#8243; admin_label=&#8221;Key Visual ZNE!&#8221; _builder_version=&#8221;4.20.2&#8243; background_color=&#8221;#FFFFFF&#8221; background_color_gradient_direction=&#8221;90deg&#8221; background_color_gradient_start=&#8221;rgba(148,166,191,0.34)&#8221; background_color_gradient_end=&#8221;#f4f4f4&#8243; background_enable_image=&#8221;off&#8221; background_blend=&#8221;multiply&#8221; module_alignment=&#8221;center&#8221; custom_margin=&#8221;0px||0px||false|false&#8221; custom_padding=&#8221;0px|0|30px||false|false&#8221; global_colors_info=&#8221;{}&#8221;][et_pb_row use_custom_gutter=&#8221;on&#8221; gutter_width=&#8221;2&#8243; make_equal=&#8221;on&#8221; _builder_version=&#8221;4.19.4&#8243; _module_preset=&#8221;default&#8221; module_alignment=&#8221;center&#8221; custom_padding=&#8221;3px||1px|||&#8221; global_colors_info=&#8221;{}&#8221;][et_pb_column type=&#8221;4_4&#8243; _builder_version=&#8221;4.19.4&#8243; _module_preset=&#8221;default&#8221; global_colors_info=&#8221;{}&#8221;][et_pb_divider color=&#8221;rgba(0,0,0,0.22)&#8221; _builder_version=&#8221;4.19.4&#8243; _module_preset=&#8221;default&#8221; global_colors_info=&#8221;{}&#8221;][\/et_pb_divider][et_pb_text _builder_version=&#8221;4.20.2&#8243; _module_preset=&#8221;default&#8221; header_2_font=&#8221;|600|||||||&#8221; header_2_text_color=&#8221;rgba(0,0,0,0.55)&#8221; custom_margin=&#8221;||23px|||&#8221; locked=&#8221;off&#8221; global_colors_info=&#8221;{}&#8221;]<\/p>\n<h2>Bayern | 2015<\/h2>\n<p>[\/et_pb_text][\/et_pb_column][\/et_pb_row][et_pb_row use_custom_gutter=&#8221;on&#8221; gutter_width=&#8221;2&#8243; make_equal=&#8221;on&#8221; _builder_version=&#8221;4.19.4&#8243; _module_preset=&#8221;default&#8221; module_alignment=&#8221;center&#8221; custom_padding=&#8221;3px||3px|||&#8221; locked=&#8221;off&#8221; global_colors_info=&#8221;{}&#8221;][et_pb_column type=&#8221;4_4&#8243; _builder_version=&#8221;4.19.4&#8243; _module_preset=&#8221;default&#8221; global_colors_info=&#8221;{}&#8221;][et_pb_accordion open_toggle_text_color=&#8221;#000000&#8243; closed_toggle_text_color=&#8221;#aabb00&#8243; _builder_version=&#8221;4.20.2&#8243; _module_preset=&#8221;default&#8221; toggle_font=&#8221;|600|||||||&#8221; toggle_font_size=&#8221;16px&#8221; closed_toggle_font=&#8221;||||||||&#8221; global_colors_info=&#8221;{}&#8221;][et_pb_accordion_item title=&#8221;14.11.15 Ein einziges Pl\u00e4doyer f\u00fcr die Vielfalt des Lebens \u2013 Fr\u00e4nkische Nachrichten&#8221; open=&#8221;on&#8221; _builder_version=&#8221;4.20.2&#8243; _module_preset=&#8221;default&#8221; global_colors_info=&#8221;{}&#8221;]<\/p>\n<div class=\"press-container\">\n<div class=\"press-container\">\n<div class=\"press-container\">\n<div class=\"press-container\">\n<h1>A single plea for the diversity of life<\/h1>\n<p>14.11.2015, Fr\u00e4nkische Nachrichten<\/p>\n<p>\u00bb(&#8230;)die Ausstellung variiert das Mode-Thema Nachhaltigkeit mit Installationen, die mal provokant und bitterb\u00f6se, mal einf\u00fchlsam und verbl\u00fcffend daherkommen. &#8230; Sie taucht die Besucher ein in eine mal anregende, mal verst\u00f6rende Welt, in der die Grenzen zwischen Kunst und Wissenschaft, Spektakel und T\u00fcftelei verschwimmen. &#8230; Ihr gelingt &#8230; gerade auch die Bev\u00f6lkerung im l\u00e4ndlichen Raum einzubinden, ihr Denkanst\u00f6\u00dfe zu geben (\u2026).\u00ab<\/p>\n<\/div>\n<\/div>\n<\/div>\n<\/div>\n<p>[\/et_pb_accordion_item][\/et_pb_accordion][\/et_pb_column][\/et_pb_row][\/et_pb_section][et_pb_section fb_built=&#8221;1&#8243; admin_label=&#8221;Key Visual ZNE!&#8221; _builder_version=&#8221;4.20.2&#8243; background_color=&#8221;#FFFFFF&#8221; background_color_gradient_direction=&#8221;90deg&#8221; background_color_gradient_start=&#8221;rgba(148,166,191,0.34)&#8221; background_color_gradient_end=&#8221;#f4f4f4&#8243; background_enable_image=&#8221;off&#8221; background_blend=&#8221;multiply&#8221; module_alignment=&#8221;center&#8221; custom_margin=&#8221;0px||0px||false|false&#8221; custom_padding=&#8221;0px|0|30px||false|false&#8221; global_colors_info=&#8221;{}&#8221;][et_pb_row use_custom_gutter=&#8221;on&#8221; gutter_width=&#8221;2&#8243; make_equal=&#8221;on&#8221; _builder_version=&#8221;4.19.4&#8243; _module_preset=&#8221;default&#8221; module_alignment=&#8221;center&#8221; custom_padding=&#8221;3px||1px|||&#8221; global_colors_info=&#8221;{}&#8221;][et_pb_column type=&#8221;4_4&#8243; _builder_version=&#8221;4.19.4&#8243; _module_preset=&#8221;default&#8221; global_colors_info=&#8221;{}&#8221;][et_pb_divider color=&#8221;rgba(0,0,0,0.22)&#8221; _builder_version=&#8221;4.19.4&#8243; _module_preset=&#8221;default&#8221; global_colors_info=&#8221;{}&#8221;][\/et_pb_divider][et_pb_text _builder_version=&#8221;4.20.2&#8243; _module_preset=&#8221;default&#8221; header_2_font=&#8221;|600|||||||&#8221; header_2_text_color=&#8221;rgba(0,0,0,0.55)&#8221; custom_margin=&#8221;||23px|||&#8221; locked=&#8221;off&#8221; global_colors_info=&#8221;{}&#8221;]<\/p>\n<h2>Peru | Lima | 2014<\/h2>\n<p>[\/et_pb_text][\/et_pb_column][\/et_pb_row][et_pb_row use_custom_gutter=&#8221;on&#8221; gutter_width=&#8221;2&#8243; make_equal=&#8221;on&#8221; _builder_version=&#8221;4.19.4&#8243; _module_preset=&#8221;default&#8221; module_alignment=&#8221;center&#8221; custom_padding=&#8221;3px||3px|||&#8221; locked=&#8221;off&#8221; global_colors_info=&#8221;{}&#8221;][et_pb_column type=&#8221;4_4&#8243; _builder_version=&#8221;4.19.4&#8243; _module_preset=&#8221;default&#8221; global_colors_info=&#8221;{}&#8221;][et_pb_accordion open_toggle_text_color=&#8221;#000000&#8243; closed_toggle_text_color=&#8221;#aabb00&#8243; _builder_version=&#8221;4.20.2&#8243; _module_preset=&#8221;default&#8221; toggle_font=&#8221;|600|||||||&#8221; toggle_font_size=&#8221;16px&#8221; closed_toggle_font=&#8221;||||||||&#8221; global_colors_info=&#8221;{}&#8221;][et_pb_accordion_item title=&#8221;08.10.14 Goethe Institut presenta exposici\u00f3n internacional \u201c\u00a1Ejemplos a seguir!\u201d \u2013 La Rep\u00fablica Peru&#8221; open=&#8221;on&#8221; _builder_version=&#8221;4.20.2&#8243; _module_preset=&#8221;default&#8221; global_colors_info=&#8221;{}&#8221;]<\/p>\n<div class=\"press-container\">\n<div class=\"press-container\">\n<div class=\"press-container\">\n<div class=\"press-container\">\n<h1>Goethe Institut presenta exposici\u00f3n internacional \u201c\u00a1Ejemplos a seguir!\u201d<\/h1>\n<p>08.10.2014, La Rep\u00fablica Peru<\/p>\n<p>\u00bbM\u00e1s de 60 artistas de 22 pa\u00edses participan en esta exposici\u00f3n que reflexiona sobre los problemas del presente para cambiar el futuro. Eduardo Hirose, Alejandro Jaime, Eliana Otta y Luc\u00eda Monge son los representantes peruanos. [\u2026] las obras que se podr\u00e1n apreciar en \u201c\u00a1Ejemplos a seguir!\u201d buscan responder a la pregunta de c\u00f3mo la vida puede continuar en este planeta en amenaza por el cambio clim\u00e1tico.\u00ab<\/p>\n<\/div>\n<\/div>\n<\/div>\n<\/div>\n<p>[\/et_pb_accordion_item][\/et_pb_accordion][\/et_pb_column][\/et_pb_row][\/et_pb_section][et_pb_section fb_built=&#8221;1&#8243; admin_label=&#8221;Key Visual ZNE!&#8221; _builder_version=&#8221;4.20.2&#8243; background_color=&#8221;#FFFFFF&#8221; background_color_gradient_direction=&#8221;90deg&#8221; background_color_gradient_start=&#8221;rgba(148,166,191,0.34)&#8221; background_color_gradient_end=&#8221;#f4f4f4&#8243; background_enable_image=&#8221;off&#8221; background_blend=&#8221;multiply&#8221; module_alignment=&#8221;center&#8221; custom_margin=&#8221;0px||0px||false|false&#8221; custom_padding=&#8221;0px|0|30px||false|false&#8221; global_colors_info=&#8221;{}&#8221;][et_pb_row use_custom_gutter=&#8221;on&#8221; gutter_width=&#8221;2&#8243; make_equal=&#8221;on&#8221; _builder_version=&#8221;4.19.4&#8243; _module_preset=&#8221;default&#8221; module_alignment=&#8221;center&#8221; custom_padding=&#8221;3px||1px|||&#8221; global_colors_info=&#8221;{}&#8221;][et_pb_column type=&#8221;4_4&#8243; _builder_version=&#8221;4.19.4&#8243; _module_preset=&#8221;default&#8221; global_colors_info=&#8221;{}&#8221;][et_pb_divider color=&#8221;rgba(0,0,0,0.22)&#8221; _builder_version=&#8221;4.19.4&#8243; _module_preset=&#8221;default&#8221; global_colors_info=&#8221;{}&#8221;][\/et_pb_divider][et_pb_text _builder_version=&#8221;4.20.2&#8243; _module_preset=&#8221;default&#8221; header_2_font=&#8221;|600|||||||&#8221; header_2_text_color=&#8221;rgba(0,0,0,0.55)&#8221; custom_margin=&#8221;||23px|||&#8221; locked=&#8221;off&#8221; global_colors_info=&#8221;{}&#8221;]<\/p>\n<h2>Essen | 2014<\/h2>\n<p>[\/et_pb_text][\/et_pb_column][\/et_pb_row][et_pb_row use_custom_gutter=&#8221;on&#8221; gutter_width=&#8221;2&#8243; make_equal=&#8221;on&#8221; _builder_version=&#8221;4.19.4&#8243; _module_preset=&#8221;default&#8221; module_alignment=&#8221;center&#8221; custom_padding=&#8221;3px||3px|||&#8221; locked=&#8221;off&#8221; global_colors_info=&#8221;{}&#8221;][et_pb_column type=&#8221;4_4&#8243; _builder_version=&#8221;4.19.4&#8243; _module_preset=&#8221;default&#8221; global_colors_info=&#8221;{}&#8221;][et_pb_accordion open_toggle_text_color=&#8221;#000000&#8243; closed_toggle_text_color=&#8221;#aabb00&#8243; _builder_version=&#8221;4.20.2&#8243; _module_preset=&#8221;default&#8221; toggle_font=&#8221;|600|||||||&#8221; toggle_font_size=&#8221;16px&#8221; closed_toggle_font=&#8221;||||||||&#8221; global_colors_info=&#8221;{}&#8221;][et_pb_accordion_item title=&#8221;28.7.14 ETF! at Essener Zeche Zollverein \u2013 SAT 1&#8243; open=&#8221;on&#8221; _builder_version=&#8221;4.20.2&#8243; _module_preset=&#8221;default&#8221; global_colors_info=&#8221;{}&#8221;]<\/p>\n<div class=\"press-container\">\n<div class=\"press-container\">\n<div class=\"press-container\">\n<div class=\"press-container\">\n<h1>ZNE! in der Essener Zeche Zollverein<\/h1>\n<p>28.7.20, SAT 1<\/p>\n<p>\u00bbSAT1 about ETF! at Zeche Zollverein, Essen. (online not available anymore)\u00ab<\/p>\n<\/div>\n<\/div>\n<\/div>\n<\/div>\n<p>[\/et_pb_accordion_item][et_pb_accordion_item title=&#8221;28.7.14 Wanderausstellung &quot;zur Nachahmung empfohlen!&quot; auf Zollverein: Wenn K\u00fcnstler zu Aktivisten werden \u2013 WDR 3&#8243; _builder_version=&#8221;4.20.2&#8243; _module_preset=&#8221;default&#8221; global_colors_info=&#8221;{}&#8221; open=&#8221;off&#8221;]<\/p>\n<div class=\"press-container\">\n<div class=\"press-container\">\n<div class=\"press-container\">\n<div class=\"press-container\">\n<h1>Wanderausstellung &#8220;zur Nachahmung empfohlen!&#8221; auf Zollverein: Wenn K\u00fcnstler zu Aktivisten werden<\/h1>\n<p>28.07.2014 , WDR 3<\/p>\n<p>\u00bbExpeditionen in \u00c4sthetik und Nachhaltigkeit&#8221; bietet Kuratorin Adrienne Goehler in dieser Ausstellung an. Seit Jahren sammelt sie Kunstwerke, die innovative und subversive Ideen f\u00fcr nachhaltiges Wirtschaften und schonenden Umgang mit Ressourcen entwickeln. Sie stammen von K\u00fcnstlern, die sich politisch einmischen wollen und mit Wissenschaftlern und Technikern ebenso zusammenarbeiten wie mit NGOs. Doch ihre Werkzeuge bleiben die Mittel der Kunst. 2010 wurde die Ausstellung in Berlin er\u00f6ffnet, seitdem wandert sie um die Welt: \u00c4thiopien, China, Brasilien und Mexiko waren die letzten Stationen, \u00fcberall kommen neue K\u00fcnstler hinzu. 54 Werke sind jetzt auf der Zeche Zollverein zu sehen. Ein Gespr\u00e4ch mit Christel Wester\u00ab<\/p>\n<\/div>\n<\/div>\n<\/div>\n<\/div>\n<p>[\/et_pb_accordion_item][et_pb_accordion_item title=&#8221;22.7.14 Redezeit mit Adrienne Goehler: &quot;Zur Nachahmung empfohlen&quot; \u2013 WDR&#8221; _builder_version=&#8221;4.20.2&#8243; _module_preset=&#8221;default&#8221; global_colors_info=&#8221;{}&#8221; open=&#8221;off&#8221;]<\/p>\n<div class=\"press-container\">\n<div class=\"press-container\">\n<div class=\"press-container\">\n<div class=\"press-container\">\n<h1>Redezeit mit Adrienne Goehler: &#8220;Zur Nachahmung empfohlen&#8221;<\/h1>\n<p>22.07.2014 , WDR 3<\/p>\n<p>\u00bbPolnische T\u00fcftler, die Laufb\u00e4nder zum Reinigen von Flusswasser einsetzen. Eine Fahrrad betriebene Waschmaschine oder Super-8-Filmentwicklung mit Kaffee. Die Ausstellung zeigt Arbeitsweisen und Positionen von Umweltinitiativen mit k\u00fcnstlerischen Herangehensweisen: Im Grundsatz geht es darum, welche Antworten die Kunst auf globale Herausforderungen wie den Klimawandel oder die Endlichkeit der Energiereserven hat &#8211; um kreative Ideen, die gut und g\u00fcnstig umsetzbar sind. In Neugier gen\u00fcgt erz\u00e4hlt Adrienne Goehler, wie sie mehr als 50 K\u00fcnstlerinnen, T\u00fcftler, und Menschen aus der Wissenschaft aus aller Welt f\u00fcr das Projekt zusammen gebracht hat. Ausstellung: &#8220;Zur Nachahmung empfohlen&#8221; vom 19.07. bis 04.09.2014 zu sehen, auf dem Weltkulturerbe der ehemaligen Zeche Zollverein in Essen.\u00ab<\/p>\n<\/div>\n<\/div>\n<\/div>\n<\/div>\n<p>[\/et_pb_accordion_item][et_pb_accordion_item title=&#8221;21.7.14 Kunst mit Gurken oder Geld%22 \u2013 Ruhrnachrichten&#8221; _builder_version=&#8221;4.20.2&#8243; _module_preset=&#8221;default&#8221; global_colors_info=&#8221;{}&#8221; open=&#8221;off&#8221;]<\/p>\n<div class=\"press-container\">\n<div class=\"press-container\">\n<div class=\"press-container\">\n<div class=\"press-container\">\n<h1>Art with gerkins or money<\/h1>\n<p>21.07.2014 , Ruhrnachrichten<\/p>\n<p>\u00bb<strong>Macht Geschenke: Das Kapital<\/strong> hei\u00dft die Aktion. Unter &#8220;Verwendungzweck&#8221; tr\u00e4gt Christin Lahr t\u00e4glich 108 Buchstaben aus dem Werk &#8220;Das Kapital&#8221; von Karl Marx ein. &#8220;Auf die neuen SEPA-\u00dcberweisungen passen sogar 140 Zeichen&#8221;, schmunzelt sie. Trotzdem wird es 43 Jahre dauern, bis sie den Marx-Text komplett an Finanzminister Sch\u00e4uble und seine Mannen \u00fcbermittelt hat. Stationen in Indien und Mexiko &#8220;Ich setze einen Impuls, den Rest macht das System&#8221;, sagt die K\u00fcnstlerin, die das Ministerium schon ziemlich genervt haben d\u00fcrfte. Denn schlie\u00dflich muss alles ordentlich verbucht werden. Diese Kunst-Aktion gibt zu denken &#8211; wie so vieles in der Ausstellung &#8220;Zur Nachahmung empfohlen!&#8221;. Das ist eine gro\u00dfe Wanderausstellung, die nach Stationen in Indien, \u00c4thiopien, China, Brasilien und Mexiko nun in den Hallen 6 und 8 auf Zeche Zollverein angekommen ist. 54 internationale K\u00fcnstler &#8220;Die Welt darf nicht Experten allein \u00fcberlassen werden&#8221;, hei\u00dft das Credo der Kuratorin Adrienne G\u00f6hler. Deshalb hat die ehemalige Berliner Kultursenatorin (&#8220;mein Regierungspraktium&#8221; nennt sie diese Zeit) 54 internationale K\u00fcnstler an das Thema Nachhaltigkeit herangelassen. &#8220;Zur Nachahmung empfohlen&#8221;: Kunst mit Gurken oder Geld &#8211; Ruhr Nachrichten\u00ab<\/p>\n<\/div>\n<\/div>\n<\/div>\n<\/div>\n<p>[\/et_pb_accordion_item][et_pb_accordion_item title=&#8221;21.7.14 Ausstellung zum Thema Nachhaltigkeit auf Zollverein \u2013 WAZ&#8221; _builder_version=&#8221;4.20.2&#8243; _module_preset=&#8221;default&#8221; global_colors_info=&#8221;{}&#8221; open=&#8221;off&#8221;]<\/p>\n<div class=\"press-container\">\n<div class=\"press-container\">\n<div class=\"press-container\">\n<div class=\"press-container\">\n<h1>Ausstellung zum Thema Nachhaltigkeit auf Zollverein<\/h1>\n<p>21.07.2014 , WAZ<\/p>\n<p>\u00bbDie Ausstellung \u201eZur Nachahmung empfohlen\u201c auf Zollverein variiert das Mode-Thema Nachhaltigkeit &#8211; mit Installationen, die mal provokant und bitterb\u00f6se, mal einf\u00fchlsam und verbl\u00fcffend daherkommen. Sao Paulo hat es gesehen und zuletzt Mexico-City, jetzt macht das mehrfach ausgezeichnete Ausstellungsprojekt \u201eZur Nachahmung empfohlen! Expeditionen in \u00c4sthetik und Nachhaltigkeit\u201c \u2013 kurz \u201eZNE!\u201c \u2013 auf Zollverein Station. In den Hallen 6 und 8 taucht der Besucher ein in eine mal anregende, mal verst\u00f6rende Welt, in der die Grenzen zwischen Kunst und Wissenschaft, Spektakel und T\u00fcftelei verschwimmen. Nachhaltigkeit ist der rote Faden der Ausstellung: die Umwelt und ihre Ressourcen schonen, recyclen statt zum\u00fcllen, kurz: unseren Erdball sauberer, ges\u00fcnder, sch\u00f6ner und besser zu machen. Ausstellung zum Thema Nachhaltigkeit auf Zollverein | WAZ.de\u00ab<\/p>\n<\/div>\n<\/div>\n<\/div>\n<\/div>\n<p>[\/et_pb_accordion_item][et_pb_accordion_item title=&#8221;20.7.14 Sch\u00f6ne Konsumkritik \u2013 WDR&#8221; _builder_version=&#8221;4.20.2&#8243; _module_preset=&#8221;default&#8221; global_colors_info=&#8221;{}&#8221; open=&#8221;off&#8221;]<\/p>\n<div class=\"press-container\">\n<div class=\"press-container\">\n<div class=\"press-container\">\n<div class=\"press-container\">\n<h1>Sch\u00f6ne Konsumkritik<\/h1>\n<p>20.07.2014 , WDR<\/p>\n<p>\u00bbKuratorin Adrienne Goehler sammelt seit Jahren k\u00fcnstlerische Ideen zum Thema Nachhaltigkeit. Herausgekommen ist die Schau &#8220;Zur Nachahmung empfohlen&#8221;. Der Titel ist durchaus ernst zu nehmen. Denn die K\u00fcnstler gehen mit \u00e4sthetischem Blick der Frage nach, wie man Ressourcen schonen und die Welt ein St\u00fcck weit besser machen k\u00f6nnte. Entstanden sind dabei nicht nur eindringliche Mahnmale, sondern auch Erfindungen und Installationen, die Denkanst\u00f6\u00dfe geben sollen &#8211; wie diese singenden Kugeln von Marlen Liebau und Marc Lingk, die an den Sonnengesang von Franz von Assisi und an dessen Naturverst\u00e4ndnis erinnern.\u00ab<\/p>\n<\/div>\n<\/div>\n<\/div>\n<\/div>\n<p>[\/et_pb_accordion_item][et_pb_accordion_item title=&#8221;16.7.14 Erbsen z\u00e4hlen f\u00fcr die Kunst \u2013 WAZ&#8221; _builder_version=&#8221;4.20.2&#8243; _module_preset=&#8221;default&#8221; global_colors_info=&#8221;{}&#8221; open=&#8221;off&#8221;]<\/p>\n<div class=\"press-container\">\n<div class=\"press-container\">\n<div class=\"press-container\">\n<div class=\"press-container\">\n<h1>Erbsen z\u00e4hlen f\u00fcr die Kunst<\/h1>\n<p>16.07.2014 , WAZ<\/p>\n<p>\u00bbErbsenz\u00e4hler sind in der Kunst eigentlich nicht unbedingt willkommen. Doch f\u00fcr die am kommenden Wochenende startende Ausstellung \u201ezur nachahmung empfohlen! expeditionen in \u00e4sthetik und nachhaltigkeit\u201c wird es auf der Zeche Zollverein diesmal ziemlich gr\u00fcn. Die Schau lockt unter anderem mit Blattsalat-Bildern der Dortmunder K\u00fcnstlerin Emine Ercihan und 1000 Kilogramm Erbsen, die gestern bereits f\u00fcr die Arbeit \u201eCivilian Defense II\u201c von Dan Peterman angeliefert wurden, der sich mit dem Abwurf von Lebensmittels\u00e4cken im Erdbeben-zerst\u00f6rten Haiti besch\u00e4ftigt.\u00ab<\/p>\n<\/div>\n<\/div>\n<\/div>\n<\/div>\n<p>[\/et_pb_accordion_item][\/et_pb_accordion][\/et_pb_column][\/et_pb_row][\/et_pb_section][et_pb_section fb_built=&#8221;1&#8243; admin_label=&#8221;Key Visual ZNE!&#8221; _builder_version=&#8221;4.20.2&#8243; background_color=&#8221;#FFFFFF&#8221; background_color_gradient_direction=&#8221;90deg&#8221; background_color_gradient_start=&#8221;rgba(148,166,191,0.34)&#8221; background_color_gradient_end=&#8221;#f4f4f4&#8243; background_enable_image=&#8221;off&#8221; background_blend=&#8221;multiply&#8221; module_alignment=&#8221;center&#8221; custom_margin=&#8221;0px||0px||false|false&#8221; custom_padding=&#8221;0px|0|30px||false|false&#8221; global_colors_info=&#8221;{}&#8221;][et_pb_row use_custom_gutter=&#8221;on&#8221; gutter_width=&#8221;2&#8243; make_equal=&#8221;on&#8221; _builder_version=&#8221;4.19.4&#8243; _module_preset=&#8221;default&#8221; module_alignment=&#8221;center&#8221; custom_padding=&#8221;3px||1px|||&#8221; global_colors_info=&#8221;{}&#8221;][et_pb_column type=&#8221;4_4&#8243; _builder_version=&#8221;4.19.4&#8243; _module_preset=&#8221;default&#8221; global_colors_info=&#8221;{}&#8221;][et_pb_divider color=&#8221;rgba(0,0,0,0.22)&#8221; _builder_version=&#8221;4.19.4&#8243; _module_preset=&#8221;default&#8221; global_colors_info=&#8221;{}&#8221;][\/et_pb_divider][et_pb_text _builder_version=&#8221;4.20.2&#8243; _module_preset=&#8221;default&#8221; header_2_font=&#8221;|600|||||||&#8221; header_2_text_color=&#8221;rgba(0,0,0,0.55)&#8221; custom_margin=&#8221;||23px|||&#8221; locked=&#8221;off&#8221; global_colors_info=&#8221;{}&#8221;]<\/p>\n<h2>Mexico | Puebla | 2014<\/h2>\n<p>[\/et_pb_text][\/et_pb_column][\/et_pb_row][et_pb_row use_custom_gutter=&#8221;on&#8221; gutter_width=&#8221;2&#8243; make_equal=&#8221;on&#8221; _builder_version=&#8221;4.19.4&#8243; _module_preset=&#8221;default&#8221; module_alignment=&#8221;center&#8221; custom_padding=&#8221;3px||3px|||&#8221; locked=&#8221;off&#8221; global_colors_info=&#8221;{}&#8221;][et_pb_column type=&#8221;4_4&#8243; _builder_version=&#8221;4.19.4&#8243; _module_preset=&#8221;default&#8221; global_colors_info=&#8221;{}&#8221;][et_pb_accordion open_toggle_text_color=&#8221;#000000&#8243; closed_toggle_text_color=&#8221;#aabb00&#8243; _builder_version=&#8221;4.20.2&#8243; _module_preset=&#8221;default&#8221; toggle_font=&#8221;|600|||||||&#8221; toggle_font_size=&#8221;16px&#8221; closed_toggle_font=&#8221;||||||||&#8221; global_colors_info=&#8221;{}&#8221;][et_pb_accordion_item title=&#8221;07.01.14 \u00d6kologische Kunst zur Nachahmung empfohlen \u2013 Subterraneos.com.mx &#8221; open=&#8221;on&#8221; _builder_version=&#8221;4.20.2&#8243; _module_preset=&#8221;default&#8221; global_colors_info=&#8221;{}&#8221;]<\/p>\n<div class=\"press-container\">\n<div class=\"press-container\">\n<div class=\"press-container\">\n<div class=\"press-container\">\n<h1>\u00d6kologische Kunst zur Nachahmung empfohlen<\/h1>\n<p>07.01.2014, Subterraneos.com.mx <\/p>\n<p>\u00bbNeue wissenschaftliche Studien haben bewiesen, dass die nat\u00fcrlichen Ressourcen des Planeten ausgebeutet werden. Man hatte vorhergesagt, dass die Temperatur 2 Grad um steigen wird, aber jetzt wei\u00df man, dass sie sogar um 6 Grad steigen wird und somit die schlimmsten Konsequenzen, die wir uns vorstellen k\u00f6nnen, eintreten werden. Das ist einer der Gr\u00fcnde, weshalb sich die Industrie, die Wissenschaft und die Kunst vereinen, um neue Aktionen durchzuf\u00fchren, die ein Bewusstsein und eine gemeinsame Verantwortung ins Lebens rufen, die auf der sozialen Notwendigkeit basiert.\u00ab<\/p>\n<\/div>\n<\/div>\n<\/div>\n<\/div>\n<p>[\/et_pb_accordion_item][et_pb_accordion_item title=&#8221;07.01.14 Kunst und Bewusstsein konvergieren in Puebla \u2013 elpopular.mx&#8221; _builder_version=&#8221;4.20.2&#8243; _module_preset=&#8221;default&#8221; global_colors_info=&#8221;{}&#8221; open=&#8221;off&#8221;]<\/p>\n<div class=\"press-container\">\n<div class=\"press-container\">\n<div class=\"press-container\">\n<div class=\"press-container\">\n<h1>Kunst und Bewusstsein konvergieren in Puebla<\/h1>\n<p>07.01.2014, elpopular.mx<\/p>\n<p>\u00bbDie BesucherInnen k\u00f6nnen auf eine neue und zeitgen\u00f6ssische Weise die \u00e4sthetischen Sprachen mit der Problematik verbinden, die unseren Planeten zugrunde macht. Verschiedene Blickpunkte die auf das Selbe zielen: die Nachhaltigkeit. [\u2026] Von den AusstellerInnen muss man sagen, dass die Ausstellung die kulturelle und \u00e4sthetische Dimension der Nachhaltigkeit sichtbar machen, um auf diese Weise die offensichtliche Abnutzung des Begriffs entgegenzuwirken. Sie sucht ein Verst\u00e4ndnis der Nachhaltigkeit zu erwecken, die als formend verstanden werden muss, ohne auf die Kunst und die Wissenschaft zu verzichten, da sie von ihnen lernen kann, in \u00fcber Transformationen, provisorischen L\u00f6sungen, Modellen und Projekten zu denken.\u00ab<\/p>\n<\/div>\n<\/div>\n<\/div>\n<\/div>\n<p>[\/et_pb_accordion_item][\/et_pb_accordion][\/et_pb_column][\/et_pb_row][\/et_pb_section][et_pb_section fb_built=&#8221;1&#8243; admin_label=&#8221;Key Visual ZNE!&#8221; _builder_version=&#8221;4.20.2&#8243; background_color=&#8221;#FFFFFF&#8221; background_color_gradient_direction=&#8221;90deg&#8221; background_color_gradient_start=&#8221;rgba(148,166,191,0.34)&#8221; background_color_gradient_end=&#8221;#f4f4f4&#8243; background_enable_image=&#8221;off&#8221; background_blend=&#8221;multiply&#8221; module_alignment=&#8221;center&#8221; custom_margin=&#8221;0px||0px||false|false&#8221; custom_padding=&#8221;0px|0|30px||false|false&#8221; global_colors_info=&#8221;{}&#8221;][et_pb_row use_custom_gutter=&#8221;on&#8221; gutter_width=&#8221;2&#8243; make_equal=&#8221;on&#8221; _builder_version=&#8221;4.19.4&#8243; _module_preset=&#8221;default&#8221; module_alignment=&#8221;center&#8221; custom_padding=&#8221;3px||1px|||&#8221; global_colors_info=&#8221;{}&#8221;][et_pb_column type=&#8221;4_4&#8243; _builder_version=&#8221;4.19.4&#8243; _module_preset=&#8221;default&#8221; global_colors_info=&#8221;{}&#8221;][et_pb_divider color=&#8221;rgba(0,0,0,0.22)&#8221; _builder_version=&#8221;4.19.4&#8243; _module_preset=&#8221;default&#8221; global_colors_info=&#8221;{}&#8221;][\/et_pb_divider][et_pb_text _builder_version=&#8221;4.20.2&#8243; _module_preset=&#8221;default&#8221; header_2_font=&#8221;|600|||||||&#8221; header_2_text_color=&#8221;rgba(0,0,0,0.55)&#8221; custom_margin=&#8221;||23px|||&#8221; locked=&#8221;off&#8221; global_colors_info=&#8221;{}&#8221;]<\/p>\n<h2>China | Beijing | 2012<\/h2>\n<p>[\/et_pb_text][\/et_pb_column][\/et_pb_row][et_pb_row use_custom_gutter=&#8221;on&#8221; gutter_width=&#8221;2&#8243; make_equal=&#8221;on&#8221; _builder_version=&#8221;4.19.4&#8243; _module_preset=&#8221;default&#8221; module_alignment=&#8221;center&#8221; custom_padding=&#8221;3px||3px|||&#8221; locked=&#8221;off&#8221; global_colors_info=&#8221;{}&#8221;][et_pb_column type=&#8221;4_4&#8243; _builder_version=&#8221;4.19.4&#8243; _module_preset=&#8221;default&#8221; global_colors_info=&#8221;{}&#8221;][et_pb_accordion open_toggle_text_color=&#8221;#000000&#8243; closed_toggle_text_color=&#8221;#aabb00&#8243; _builder_version=&#8221;4.20.2&#8243; _module_preset=&#8221;default&#8221; toggle_font=&#8221;|600|||||||&#8221; toggle_font_size=&#8221;16px&#8221; closed_toggle_font=&#8221;||||||||&#8221; global_colors_info=&#8221;{}&#8221;][et_pb_accordion_item title=&#8221;07.08.12 Exhibition leads by example with environmental message \u2013 Global Times&#8221; open=&#8221;on&#8221; _builder_version=&#8221;4.20.2&#8243; _module_preset=&#8221;default&#8221; global_colors_info=&#8221;{}&#8221;]<\/p>\n<div class=\"press-container\">\n<div class=\"press-container\">\n<div class=\"press-container\">\n<div class=\"press-container\">\n<h1>Exhibition leads by example with environmental message<\/h1>\n<p>07.08.2012, Global Times &#8211; Beijing, Jiang Yuxia<\/p>\n<p>\u00bbThe show [\u2026] not only widens artistic horizons by exploring diverse topics, but also urges people to take fate of the world into their own hands.\u00ab<\/p>\n<\/div>\n<\/div>\n<\/div>\n<\/div>\n<p>[\/et_pb_accordion_item][\/et_pb_accordion][\/et_pb_column][\/et_pb_row][\/et_pb_section][et_pb_section fb_built=&#8221;1&#8243; admin_label=&#8221;Key Visual ZNE!&#8221; _builder_version=&#8221;4.20.2&#8243; background_color=&#8221;#FFFFFF&#8221; background_color_gradient_direction=&#8221;90deg&#8221; background_color_gradient_start=&#8221;rgba(148,166,191,0.34)&#8221; background_color_gradient_end=&#8221;#f4f4f4&#8243; background_enable_image=&#8221;off&#8221; background_blend=&#8221;multiply&#8221; module_alignment=&#8221;center&#8221; custom_margin=&#8221;0px||0px||false|false&#8221; custom_padding=&#8221;0px|0|30px||false|false&#8221; global_colors_info=&#8221;{}&#8221;][et_pb_row use_custom_gutter=&#8221;on&#8221; gutter_width=&#8221;2&#8243; make_equal=&#8221;on&#8221; _builder_version=&#8221;4.19.4&#8243; _module_preset=&#8221;default&#8221; module_alignment=&#8221;center&#8221; custom_padding=&#8221;3px||1px|||&#8221; global_colors_info=&#8221;{}&#8221;][et_pb_column type=&#8221;4_4&#8243; _builder_version=&#8221;4.19.4&#8243; _module_preset=&#8221;default&#8221; global_colors_info=&#8221;{}&#8221;][et_pb_divider color=&#8221;rgba(0,0,0,0.22)&#8221; _builder_version=&#8221;4.19.4&#8243; _module_preset=&#8221;default&#8221; global_colors_info=&#8221;{}&#8221;][\/et_pb_divider][et_pb_text _builder_version=&#8221;4.20.2&#8243; _module_preset=&#8221;default&#8221; header_2_font=&#8221;|600|||||||&#8221; header_2_text_color=&#8221;rgba(0,0,0,0.55)&#8221; custom_margin=&#8221;||23px|||&#8221; locked=&#8221;off&#8221; global_colors_info=&#8221;{}&#8221;]<\/p>\n<h2>Ethiopia | Addis Abeba | 2012<\/h2>\n<p>[\/et_pb_text][\/et_pb_column][\/et_pb_row][et_pb_row use_custom_gutter=&#8221;on&#8221; gutter_width=&#8221;2&#8243; make_equal=&#8221;on&#8221; _builder_version=&#8221;4.19.4&#8243; _module_preset=&#8221;default&#8221; module_alignment=&#8221;center&#8221; custom_padding=&#8221;3px||3px|||&#8221; locked=&#8221;off&#8221; global_colors_info=&#8221;{}&#8221;][et_pb_column type=&#8221;4_4&#8243; _builder_version=&#8221;4.19.4&#8243; _module_preset=&#8221;default&#8221; global_colors_info=&#8221;{}&#8221;][et_pb_accordion open_toggle_text_color=&#8221;#000000&#8243; closed_toggle_text_color=&#8221;#aabb00&#8243; _builder_version=&#8221;4.20.2&#8243; _module_preset=&#8221;default&#8221; toggle_font=&#8221;|600|||||||&#8221; toggle_font_size=&#8221;16px&#8221; closed_toggle_font=&#8221;||||||||&#8221; global_colors_info=&#8221;{}&#8221;][et_pb_accordion_item title=&#8221;30.04.12 The Aesthetics of Sustainability \u2013 Addis Rumble&#8221; open=&#8221;on&#8221; _builder_version=&#8221;4.20.2&#8243; _module_preset=&#8221;default&#8221; global_colors_info=&#8221;{}&#8221;]<\/p>\n<div class=\"press-container\">\n<div class=\"press-container\">\n<div class=\"press-container\">\n<div class=\"press-container\">\n<h1>The Aesthetics of Sustainability<\/h1>\n<p>30.04.2012 , Addis Rumble \u2013 Uncovering African Arts<\/p>\n<p>\u00bbSo what the exhibition in fact does is use art as a mediator between bigger sustainable (scien-tific) ideas and societies (humanities), and thus provide its audiences with new ideas, initiatives, guidelines for action, visions and perspective on how to engage in sustainability on their own.\u00ab<\/p>\n<\/div>\n<\/div>\n<\/div>\n<\/div>\n<p>[\/et_pb_accordion_item][\/et_pb_accordion][\/et_pb_column][\/et_pb_row][\/et_pb_section][et_pb_section fb_built=&#8221;1&#8243; admin_label=&#8221;Key Visual ZNE!&#8221; _builder_version=&#8221;4.20.2&#8243; background_color=&#8221;#FFFFFF&#8221; background_color_gradient_direction=&#8221;90deg&#8221; background_color_gradient_start=&#8221;rgba(148,166,191,0.34)&#8221; background_color_gradient_end=&#8221;#f4f4f4&#8243; background_enable_image=&#8221;off&#8221; background_blend=&#8221;multiply&#8221; module_alignment=&#8221;center&#8221; custom_margin=&#8221;0px||0px||false|false&#8221; custom_padding=&#8221;0px|0|30px||false|false&#8221; global_colors_info=&#8221;{}&#8221;][et_pb_row use_custom_gutter=&#8221;on&#8221; gutter_width=&#8221;2&#8243; make_equal=&#8221;on&#8221; _builder_version=&#8221;4.19.4&#8243; _module_preset=&#8221;default&#8221; module_alignment=&#8221;center&#8221; custom_padding=&#8221;3px||1px|||&#8221; global_colors_info=&#8221;{}&#8221;][et_pb_column type=&#8221;4_4&#8243; _builder_version=&#8221;4.19.4&#8243; _module_preset=&#8221;default&#8221; global_colors_info=&#8221;{}&#8221;][et_pb_divider color=&#8221;rgba(0,0,0,0.22)&#8221; _builder_version=&#8221;4.19.4&#8243; _module_preset=&#8221;default&#8221; global_colors_info=&#8221;{}&#8221;][\/et_pb_divider][et_pb_text _builder_version=&#8221;4.20.2&#8243; _module_preset=&#8221;default&#8221; header_2_font=&#8221;|600|||||||&#8221; header_2_text_color=&#8221;rgba(0,0,0,0.55)&#8221; custom_margin=&#8221;||23px|||&#8221; locked=&#8221;off&#8221; global_colors_info=&#8221;{}&#8221;]<\/p>\n<h2>India | Mumbai | 2012<\/h2>\n<p>[\/et_pb_text][\/et_pb_column][\/et_pb_row][et_pb_row use_custom_gutter=&#8221;on&#8221; gutter_width=&#8221;2&#8243; make_equal=&#8221;on&#8221; _builder_version=&#8221;4.19.4&#8243; _module_preset=&#8221;default&#8221; module_alignment=&#8221;center&#8221; custom_padding=&#8221;3px||3px|||&#8221; locked=&#8221;off&#8221; global_colors_info=&#8221;{}&#8221;][et_pb_column type=&#8221;4_4&#8243; _builder_version=&#8221;4.19.4&#8243; _module_preset=&#8221;default&#8221; global_colors_info=&#8221;{}&#8221;][et_pb_accordion open_toggle_text_color=&#8221;#000000&#8243; closed_toggle_text_color=&#8221;#aabb00&#8243; _builder_version=&#8221;4.20.2&#8243; _module_preset=&#8221;default&#8221; toggle_font=&#8221;|600|||||||&#8221; toggle_font_size=&#8221;16px&#8221; closed_toggle_font=&#8221;||||||||&#8221; global_colors_info=&#8221;{}&#8221;][et_pb_accordion_item title=&#8221;09.02.12 There are worlds of art to see \u2013 THE TIMES OF INDIA &#8221; open=&#8221;on&#8221; _builder_version=&#8221;4.20.2&#8243; _module_preset=&#8221;default&#8221; global_colors_info=&#8221;{}&#8221;]<\/p>\n<div class=\"press-container\">\n<div class=\"press-container\">\n<div class=\"press-container\">\n<div class=\"press-container\">\n<h1>There are worlds of art to see<\/h1>\n<p>09.02.2012 , Pronoti Datta, TIMES OF INDIA<span style=\"caret-color: #666666; color: #666666; font-family: Verdana, sans-serif; font-size: 11.199999809265137px; font-style: normal; font-variant-caps: normal; font-weight: normal; letter-spacing: normal; orphans: auto; text-align: start; text-indent: 0px; text-transform: none; white-space: normal; widows: auto; word-spacing: 0px; -webkit-text-size-adjust: auto; -webkit-text-stroke-width: 0px; background-color: #ffffff; text-decoration: none; display: inline !important; float: none;\"><\/span><\/p>\n<p>\u00bbExamples to Follow! is a travelling exhibition spread across Galerie Max Mueller, Studio X, the Premchand Roychand Gallery and the lawns of the Chhatrapati Shivaji Maharaj Vastu Sangrahalaya, Project 88 and Gallery Maskara. Celebrating the sixtieth year of Indo-German friendship, art works related to climate change and sustainable living are showcased. One of the most arresting exhibits is Gudrun Widlock&#8217;s Adopted, about an agency that finds African godparents for Europeans estranged from their families.   Adopted began as a conceptual project and later, in a strangely futuristic turn of events, became a reality.\u00ab<\/p>\n<\/div>\n<\/div>\n<\/div>\n<\/div>\n<p>[\/et_pb_accordion_item][\/et_pb_accordion][\/et_pb_column][\/et_pb_row][\/et_pb_section][et_pb_section fb_built=&#8221;1&#8243; admin_label=&#8221;Key Visual ZNE!&#8221; _builder_version=&#8221;4.20.2&#8243; background_color=&#8221;#FFFFFF&#8221; background_color_gradient_direction=&#8221;90deg&#8221; background_color_gradient_start=&#8221;rgba(148,166,191,0.34)&#8221; background_color_gradient_end=&#8221;#f4f4f4&#8243; background_enable_image=&#8221;off&#8221; background_blend=&#8221;multiply&#8221; module_alignment=&#8221;center&#8221; custom_margin=&#8221;0px||0px||false|false&#8221; custom_padding=&#8221;0px|0|30px||false|false&#8221; global_colors_info=&#8221;{}&#8221;][et_pb_row use_custom_gutter=&#8221;on&#8221; gutter_width=&#8221;2&#8243; make_equal=&#8221;on&#8221; _builder_version=&#8221;4.19.4&#8243; _module_preset=&#8221;default&#8221; module_alignment=&#8221;center&#8221; custom_padding=&#8221;3px||1px|||&#8221; global_colors_info=&#8221;{}&#8221;][et_pb_column type=&#8221;4_4&#8243; _builder_version=&#8221;4.19.4&#8243; _module_preset=&#8221;default&#8221; global_colors_info=&#8221;{}&#8221;][et_pb_divider color=&#8221;rgba(0,0,0,0.22)&#8221; _builder_version=&#8221;4.19.4&#8243; _module_preset=&#8221;default&#8221; global_colors_info=&#8221;{}&#8221;][\/et_pb_divider][et_pb_text _builder_version=&#8221;4.20.2&#8243; _module_preset=&#8221;default&#8221; header_2_font=&#8221;|600|||||||&#8221; header_2_text_color=&#8221;rgba(0,0,0,0.55)&#8221; custom_margin=&#8221;||23px|||&#8221; locked=&#8221;off&#8221; global_colors_info=&#8221;{}&#8221;]<\/p>\n<h2>Hamburg | 2011<\/h2>\n<p>[\/et_pb_text][\/et_pb_column][\/et_pb_row][et_pb_row use_custom_gutter=&#8221;on&#8221; gutter_width=&#8221;2&#8243; make_equal=&#8221;on&#8221; _builder_version=&#8221;4.19.4&#8243; _module_preset=&#8221;default&#8221; module_alignment=&#8221;center&#8221; custom_padding=&#8221;3px||3px|||&#8221; locked=&#8221;off&#8221; global_colors_info=&#8221;{}&#8221;][et_pb_column type=&#8221;4_4&#8243; _builder_version=&#8221;4.19.4&#8243; _module_preset=&#8221;default&#8221; global_colors_info=&#8221;{}&#8221;][et_pb_accordion open_toggle_text_color=&#8221;#000000&#8243; closed_toggle_text_color=&#8221;#aabb00&#8243; _builder_version=&#8221;4.20.2&#8243; _module_preset=&#8221;default&#8221; toggle_font=&#8221;|600|||||||&#8221; toggle_font_size=&#8221;16px&#8221; closed_toggle_font=&#8221;||||||||&#8221; global_colors_info=&#8221;{}&#8221;][et_pb_accordion_item title=&#8221;16.09.11 Ausstellung \u00fcber Nachhaltigkeit: Die Zukunft steckt in der Kunst \u2013 enorm&#8221; open=&#8221;on&#8221; _builder_version=&#8221;4.20.2&#8243; _module_preset=&#8221;default&#8221; global_colors_info=&#8221;{}&#8221;]<\/p>\n<div class=\"press-container\">\n<div class=\"press-container\">\n<div class=\"press-container\">\n<div class=\"press-container\">\n<h1>Ausstellung \u00fcber Nachhaltigkeit: Die Zukunft steckt in der Kunst<\/h1>\n<p>16.09.2011 , enorm, 16.09.2011, enorm_01<br \/><span style=\"caret-color: #666666; color: #666666; font-family: Verdana, sans-serif; font-size: 11.199999809265137px; font-style: normal; font-variant-caps: normal; font-weight: normal; letter-spacing: normal; orphans: auto; text-align: start; text-indent: 0px; text-transform: none; white-space: normal; widows: auto; word-spacing: 0px; -webkit-text-size-adjust: auto; -webkit-text-stroke-width: 0px; background-color: #ffffff; text-decoration: none; display: inline !important; float: none;\"><\/span><\/p>\n<p>\u00bbAuch wenn einige Kunstwerke mit einem Augenzwinkern versehen sind, steckt doch erstaunlich viel Ernsthaftigkeit in manch anderen Ideen und Botschaften\u00ab<\/p>\n<\/div>\n<\/div>\n<\/div>\n<\/div>\n<p>[\/et_pb_accordion_item][et_pb_accordion_item title=&#8221;15.09.11 SCHATTENBLICK &quot;zur nachahmung empfohlen!&quot; -Ausstellungser\u00f6ffnung in Hamburg \u2013 MA-Verlag&#8221; _builder_version=&#8221;4.20.2&#8243; _module_preset=&#8221;default&#8221; global_colors_info=&#8221;{}&#8221; open=&#8221;off&#8221;]<\/p>\n<div class=\"press-container\">\n<div class=\"press-container\">\n<div class=\"press-container\">\n<div class=\"press-container\">\n<h1>SCHATTENBLICK &#8220;zur nachahmung empfohlen!&#8221;-Ausstellungser\u00f6ffnung in Hamburg<\/h1>\n<p>16.09.2011, Stefan Kroll, Schattenblick by MA-Verlag <br \/><span style=\"caret-color: #666666; color: #666666; font-family: Verdana, sans-serif; font-size: 11.199999809265137px; font-style: normal; font-variant-caps: normal; font-weight: normal; letter-spacing: normal; orphans: auto; text-align: start; text-indent: 0px; text-transform: none; white-space: normal; widows: auto; word-spacing: 0px; -webkit-text-size-adjust: auto; -webkit-text-stroke-width: 0px; background-color: #ffffff; text-decoration: none; display: inline !important; float: none;\"><\/span><\/p>\n<p>\u00bbDie \u00c4sthetik der Nachhaltigkeit erfreut mit praktischem Ratschlag, ironischer Zuspitzung und kritischer Aufkl\u00e4rung ebenso, wie sie eine befriedete Zone im globalen sozialen Krieg schafft, von der aus das Verh\u00e4ngnis aus vermeintlich sicherer Distanz beobachtet werden kann.\u00ab<\/p>\n<p>Link zum Artikel <a href=\"http:\/\/www.schattenblick.de\/infopool\/kunst\/report\/kurb0002.html\">Schattenblick, 2011<\/a><\/p>\n<\/div>\n<\/div>\n<\/div>\n<\/div>\n<p>[\/et_pb_accordion_item][et_pb_accordion_item title=&#8221;12.09.11 Ausstellung: Wir h\u00e4keln uns ein Korallenriff \u2013 Hamburger Abendblatt&#8221; _builder_version=&#8221;4.20.2&#8243; _module_preset=&#8221;default&#8221; global_colors_info=&#8221;{}&#8221; open=&#8221;off&#8221;]<\/p>\n<div class=\"press-container\">\n<div class=\"press-container\">\n<div class=\"press-container\">\n<div class=\"press-container\">\n<h1>Ausstellung: Wir h\u00e4keln uns ein Korallenriff<\/h1>\n<p>12.09.2011 , Hamburger Abendblatt, 12.09.2011, Annette Stiekele <br \/><span style=\"caret-color: #666666; color: #666666; font-family: Verdana, sans-serif; font-size: 11.199999809265137px; font-style: normal; font-variant-caps: normal; font-weight: normal; letter-spacing: normal; orphans: auto; text-align: start; text-indent: 0px; text-transform: none; white-space: normal; widows: auto; word-spacing: 0px; -webkit-text-size-adjust: auto; -webkit-text-stroke-width: 0px; background-color: #ffffff; text-decoration: none; display: inline !important; float: none;\"><\/span><\/p>\n<p>\u00bbEs finden sich viele starke Positionen und nur wenig symbolische, etwa wenn die Brasilianerin N\u00e9le Azevedo Eisfiguren auf \u00f6ffentlichen Treppen der Schmelze \u00fcberl\u00e4sst. Es bleibt die bittere Erkenntnis, dass K\u00fcnstler ohne die Unterst\u00fctzung der Politik die Welt nicht retten k\u00f6nnen. Aber sie machen das Unsichtbare sichtbar und schaffen im besten Fall eine neue Wirklichkeit. Der Besuch der Ausstellung ist sehr zu empfehlen.\u00ab<\/p>\n<p>Link zum Artikel <a href=\"https:\/\/www.abendblatt.de\/kultur-live\/article108104558\/Ausstellung-Wir-haekeln-uns-ein-Korallenriff.html\">Hamburger Abendblatt 2011<\/a><\/p>\n<\/div>\n<\/div>\n<\/div>\n<\/div>\n<p>[\/et_pb_accordion_item][et_pb_accordion_item title=&#8221;08.09.11 Nachhaltiges Lustwandeln \u2013 taz&#8221; _builder_version=&#8221;4.20.2&#8243; _module_preset=&#8221;default&#8221; global_colors_info=&#8221;{}&#8221; open=&#8221;off&#8221;]<\/p>\n<div class=\"press-container\">\n<div class=\"press-container\">\n<div class=\"press-container\">\n<div class=\"press-container\">\n<h1>Ausstellung: Wir h\u00e4keln uns ein Korallenriff<\/h1>\n<p>08.09.2011 , taz, 08.09.2011, Jens Fischer<br \/><span style=\"caret-color: #666666; color: #666666; font-family: Verdana, sans-serif; font-size: 11.199999809265137px; font-style: normal; font-variant-caps: normal; font-weight: normal; letter-spacing: normal; orphans: auto; text-align: start; text-indent: 0px; text-transform: none; white-space: normal; widows: auto; word-spacing: 0px; -webkit-text-size-adjust: auto; -webkit-text-stroke-width: 0px; background-color: #ffffff; text-decoration: none; display: inline !important; float: none;\"><\/span><\/p>\n<p>\u00bbVielschichtig und mit hohem Spa\u00dffaktor gelingt es dieser Schau, &#8220;Nachhaltigkeit&#8221; zu vermitteln. Lustwandeln im \u00c4sthetik-Parcours rund um Gentechnik, Artensterben, Klimawandel, Umweltzerst\u00f6rung, Recycling: unbedingt zur Nachahmung empfohlen.\u00ab <\/p>\n<p>Link zum Artikel<a href=\"https:\/\/taz.de\/!245810\/\"> taz-Archiv, 2011<\/a><\/p>\n<\/div>\n<\/div>\n<\/div>\n<\/div>\n<p>[\/et_pb_accordion_item][\/et_pb_accordion][\/et_pb_column][\/et_pb_row][\/et_pb_section][et_pb_section fb_built=&#8221;1&#8243; admin_label=&#8221;Key Visual ZNE!&#8221; _builder_version=&#8221;4.20.2&#8243; background_color=&#8221;#FFFFFF&#8221; background_color_gradient_direction=&#8221;90deg&#8221; background_color_gradient_start=&#8221;rgba(148,166,191,0.34)&#8221; background_color_gradient_end=&#8221;#f4f4f4&#8243; background_enable_image=&#8221;off&#8221; background_blend=&#8221;multiply&#8221; module_alignment=&#8221;center&#8221; custom_margin=&#8221;0px||0px||false|false&#8221; custom_padding=&#8221;0px|0|30px||false|false&#8221; global_colors_info=&#8221;{}&#8221;][et_pb_row use_custom_gutter=&#8221;on&#8221; gutter_width=&#8221;2&#8243; make_equal=&#8221;on&#8221; _builder_version=&#8221;4.19.4&#8243; _module_preset=&#8221;default&#8221; module_alignment=&#8221;center&#8221; custom_padding=&#8221;3px||1px|||&#8221; global_colors_info=&#8221;{}&#8221;][et_pb_column type=&#8221;4_4&#8243; _builder_version=&#8221;4.19.4&#8243; _module_preset=&#8221;default&#8221; global_colors_info=&#8221;{}&#8221;][et_pb_divider color=&#8221;rgba(0,0,0,0.22)&#8221; _builder_version=&#8221;4.19.4&#8243; _module_preset=&#8221;default&#8221; global_colors_info=&#8221;{}&#8221;][\/et_pb_divider][et_pb_text _builder_version=&#8221;4.20.2&#8243; _module_preset=&#8221;default&#8221; header_2_font=&#8221;|600|||||||&#8221; header_2_text_color=&#8221;rgba(0,0,0,0.55)&#8221; custom_margin=&#8221;||23px|||&#8221; locked=&#8221;off&#8221; global_colors_info=&#8221;{}&#8221;]<\/p>\n<h2>Bremen | 2011<\/h2>\n<p>[\/et_pb_text][\/et_pb_column][\/et_pb_row][et_pb_row use_custom_gutter=&#8221;on&#8221; gutter_width=&#8221;2&#8243; make_equal=&#8221;on&#8221; _builder_version=&#8221;4.19.4&#8243; _module_preset=&#8221;default&#8221; module_alignment=&#8221;center&#8221; custom_padding=&#8221;3px||3px|||&#8221; locked=&#8221;off&#8221; global_colors_info=&#8221;{}&#8221;][et_pb_column type=&#8221;4_4&#8243; _builder_version=&#8221;4.19.4&#8243; _module_preset=&#8221;default&#8221; global_colors_info=&#8221;{}&#8221;][et_pb_accordion open_toggle_text_color=&#8221;#000000&#8243; closed_toggle_text_color=&#8221;#aabb00&#8243; _builder_version=&#8221;4.20.2&#8243; _module_preset=&#8221;default&#8221; toggle_font=&#8221;|600|||||||&#8221; toggle_font_size=&#8221;16px&#8221; closed_toggle_font=&#8221;||||||||&#8221; global_colors_info=&#8221;{}&#8221;][et_pb_accordion_item title=&#8221;Die Kunst der Stunde \u2013 taz Bremen&#8221; open=&#8221;on&#8221; _builder_version=&#8221;4.20.2&#8243; _module_preset=&#8221;default&#8221; global_colors_info=&#8221;{}&#8221;]<\/p>\n<div class=\"press-container\">\n<div class=\"press-container\">\n<div class=\"press-container\">\n<div class=\"press-container\">\n<h1>Die Kunst der Stunde \u2013 taz Bremen<\/h1>\n<p>07.07.2011 , taz Bremen, Jens Fischer<\/p>\n<p>\u00bbIst das noch Kunst, schon weise Narretei oder gar Wissenschaft im Konjunktiv? Die meisten Exponate sind all das, ideenreich anschauliche Grenzg\u00e4nge. Witzig, w\u00fctend, kritisch wird naturwissenschaftliches Wissen reflektiert und k\u00fcnstlerisch in Praxis \u00fcbersetzt.\u00ab  <\/p>\n<p><a href=\"https:\/\/taz.de\/!271210\/\">Link zum taz-Artikel: Die Kunst der Stunde<\/a> <a target=\"_blank\" href=\"http:\/\/www.taz.de\/1\/archiv\/digitaz\/artikel\/?ressort=ku&amp;dig=2010%2F09%2F14%2Fa0067&amp;cHash=a43f9279ad\" rel=\"noopener\"><\/a><\/p>\n<\/div>\n<\/div>\n<\/div>\n<\/div>\n<p>[\/et_pb_accordion_item][\/et_pb_accordion][\/et_pb_column][\/et_pb_row][\/et_pb_section][et_pb_section fb_built=&#8221;1&#8243; admin_label=&#8221;Key Visual ZNE!&#8221; _builder_version=&#8221;4.20.2&#8243; background_color=&#8221;#FFFFFF&#8221; background_color_gradient_direction=&#8221;90deg&#8221; background_color_gradient_start=&#8221;rgba(148,166,191,0.34)&#8221; background_color_gradient_end=&#8221;#f4f4f4&#8243; background_enable_image=&#8221;off&#8221; background_blend=&#8221;multiply&#8221; module_alignment=&#8221;center&#8221; custom_margin=&#8221;0px||0px||false|false&#8221; custom_padding=&#8221;0px|0|30px||false|false&#8221; global_colors_info=&#8221;{}&#8221;][et_pb_row use_custom_gutter=&#8221;on&#8221; gutter_width=&#8221;2&#8243; make_equal=&#8221;on&#8221; _builder_version=&#8221;4.19.4&#8243; _module_preset=&#8221;default&#8221; module_alignment=&#8221;center&#8221; custom_padding=&#8221;3px||17px|||&#8221; global_colors_info=&#8221;{}&#8221;][et_pb_column type=&#8221;4_4&#8243; _builder_version=&#8221;4.19.4&#8243; _module_preset=&#8221;default&#8221; global_colors_info=&#8221;{}&#8221;][et_pb_divider color=&#8221;rgba(0,0,0,0.22)&#8221; _builder_version=&#8221;4.19.4&#8243; _module_preset=&#8221;default&#8221; global_colors_info=&#8221;{}&#8221;][\/et_pb_divider][et_pb_text _builder_version=&#8221;4.20.2&#8243; _module_preset=&#8221;default&#8221; header_2_font=&#8221;|600|||||||&#8221; header_2_text_color=&#8221;rgba(0,0,0,0.55)&#8221; custom_margin=&#8221;||23px|||&#8221; global_colors_info=&#8221;{}&#8221;]<\/p>\n<h2>Berlin | Uferhallen 2010<\/h2>\n<p>[\/et_pb_text][et_pb_accordion open_toggle_text_color=&#8221;#000000&#8243; closed_toggle_text_color=&#8221;#aabb00&#8243; _builder_version=&#8221;4.20.2&#8243; _module_preset=&#8221;default&#8221; toggle_font=&#8221;|600|||||||&#8221; toggle_font_size=&#8221;16px&#8221; closed_toggle_font=&#8221;||||||||&#8221; global_colors_info=&#8221;{}&#8221;][et_pb_accordion_item title=&#8221;19.09.10 Flusslauf unter gl\u00e4sernem Gew\u00f6lbe \u2013 taz&#8221; open=&#8221;on&#8221; _builder_version=&#8221;4.20.2&#8243; _module_preset=&#8221;default&#8221; global_colors_info=&#8221;{}&#8221;]<\/p>\n<div class=\"press-container\">\n<div class=\"press-container\">\n<div class=\"press-container\">\n<div class=\"press-container\">\n<h2>Flusslauf unter gl\u00e4sernem Gew\u00f6lbe \u2013 taz<\/h2>\n<p>14.09.2010 , taz, Katrin Bettina M\u00fcller<\/p>\n<p xmlns=\"\" class=\"article even BrotO\">\u00bbKUNST UND NACHHALTIGKEIT Die Gruppenausstellung <strong>zur nachahmung empfohlen!<\/strong> in den Berliner Uferhallen zeigt Werke, die sich mit naturwissenschaftlichen, \u00f6kologischen und politischen Fragen auseinandersetzen.<\/p>\n<p xmlns=\"\" class=\"article even BrotO\"><strong>\u201eK\u00fcnstlerInnen haben die Aufgabe des Zuh\u00f6rens, Beobachtens und Ver\u00f6ffentlichens \u00fcbernommen\u201c, <span class=\"person\">KURATORIN ADRIENNE GOEHLER<\/span><\/strong><\/p>\n<div role=\"region\" id=\"\" class=\"last odd sect sect_article corp archive style_print style-rsn-t_H1_auf\">\n<article class=\"sectbody\" itemprop=\"articleBody\">\n<div xmlns=\"\" class=\"article rack no0\">\n<div xmlns=\"http:\/\/www.w3.org\/1999\/xhtml\" role=\"region\" id=\"\" class=\"first last odd sect sect_quote style_print \">\n<div class=\"sectbody quote obj\">\n<p xmlns=\"\" class=\"article odd Brot lastInCol\">Okay, seien wir erst einmal vern\u00fcnftig und schauen uns das SBF-System von Nana Petzet an. 1995 entwickelte es die K\u00fcnstlerin als eine Alternative zum Gr\u00fcnen Punkt, dessen Recycling-System ihr zu energieintensiv und zu wenig effektiv erschien. <\/p>\n<p xmlns=\"\" class=\"article even Brot\">Den eigenen Vierpersonenhaushalt verwandelte sie in eine Testanlage, in dem aller Gr\u00fcne-Punkt-M\u00fcll von der Familie selbst als Wertstoff gesammelt, gereinigt und wiederverarbeitet wurde: Was dabei nach einem halben Jahr herauskam, steht nun in der Ausstellung \u201ezur nachahmung empfohlen!\u201c in den Uferhallen im Berliner Wedding. Knallbunt die vielen K\u00f6rbe aus geflochtenem Plastik, die Wandbeh\u00e4nge und Teppiche aus Saftkartons, reichlich hoch und schon ziemlich Messie-like voll die Regale mit gestapelten Beh\u00e4ltnissen von Putzmitteln und Dosen. Nicht wirklich nachahmenswert, denkt man, und auch die K\u00fcnstlerin nennt das Ergebnis \u201eeine Verstopfung\u201c. Was aber immerhin die Erkenntnis bringt, dass vor dem Recyclen die M\u00fcllvermeidung die eigentliche anzupackende Aufgabe ist.   <\/p>\n<p xmlns=\"\" class=\"article even Brot\">Ein paar Schritte weiter kommt man von der Vernunft zur Rachefantasie: \u201eFlooded McDonald\u2019s\u201c hei\u00dft ein Video von der d\u00e4nischen Gruppe Superflex. Die Esser eines McDonald\u2019s in einem asiatischen Land sind, m\u00f6glicherweise von einer Katastrophennachricht aufgescheucht, schon geflohen, als der Film einsetzt, nur ihre angebissenen Reste liegen noch auf den Tischen. Unheimlich grinsen die Plastik-Clowns der Fastfoodkette in den Raum, der still und leise mit Wasser volll\u00e4uft. Und w\u00e4hrend man zuerst Fritten und Becher, Dekofiguren und schlie\u00dflich selbst die St\u00fchle in immer gr\u00f6\u00dferer Dunkelheit treiben und trudeln sieht, ist genug Zeit, an die Umwelts\u00fcnden der Kette, an furzende Rinder, Ozonl\u00f6cher und nicht zuletzt an die \u00dcberschwemmungen der Gegenwart zu denken.   <\/p>\n<\/div>\n<\/div>\n<\/div>\n<h3>Suggestive Machart<\/h3>\n<p xmlns=\"\" class=\"article odd BrotO\">Dass man aber \u00fcberhaupt so lange sitzen bleibt, liegt an der suggestiven Machart der Bilder, die den Untergang \u00e4sthetisch auch zu einem durchaus lustvollen Erlebnis machen. Denn gl\u00fccklicherweise ist die Ausstellung \u201ezur nachahmung empfohlen\u201c dann doch nicht durchgehend so didaktisch, wie es der Titel zuerst nahelegt. Zwar steht hier jede Arbeit im Kontext gesellschaftlicher und \u00f6kologischer Konfliktfelder und nicht wenige Projekte widmen sich dem Umbauen, etwa von alten Waschmaschinen zu Windr\u00e4dern (Christian Kuhtz), oder von Autos zu Fahrr\u00e4dern (Folke K\u00f6bberling\/Martin Kaltwasser).  <\/p>\n<p xmlns=\"\" class=\"article odd BrotO\">Man kann in Workshops daran partizipieren, auch an dem Versuch, das Wasser der Panke, an deren Ufer die Uferhallen stehen, selbst zu filtern im Projekt \u201eBerliner Sch\u00f6pfung\u201c. Doch stets sind das modellhafte Anlagen, weniger tauglich f\u00fcr eine Massenproduktion im Alltag, als vielmehr f\u00fcr eine sinnliche Vertiefung der Erfahrung. Man wei\u00df zum Beispiel, dass die Panke ein kanalisierter Flusslauf ist; hier lernt man dann, dass auch akustisch wahrnehmbar ist, was ihr fehlt zur Selbstreinigung, der Kies, der Sand, die Pflanzen, die Biegungen. So entsteht aus dem Mangel ein eigenes akustisches Portr\u00e4t. Oder die Fahrr\u00e4der, die K\u00f6bberling\/Kaltwasser aus Autos bauen: Das sind hybride Ungeheuer, die mehr an den Technikfetischismus und das Postkatastrophen-Setting von \u201eMad Max\u201c erinnern, denn an alltagstaugliche R\u00e4der.    <\/p>\n<p xmlns=\"\" class=\"article odd Brot\">Initiatorin und Kuratorin der Ausstellung ist Adrienne Goehler. \u201eDie gro\u00dfe Krise, die wir haben, ist ja auch eine Krise des Expertentums\u201c, sagt sie im einleitenden Interview des Katalogs. Sie hat deshalb nach k\u00fcnstlerischen Positionen gesucht, die sich grenz\u00fcberschreitend mit naturwissenschaftlichen, \u00f6kologischen und politischen Fragen auseinandersetzen. Dass auch K\u00fcnstler die Welt dort nicht retten k\u00f6nnen, wo die Politik versagt hat, wei\u00df sie wohl, aber \u201eK\u00fcnstlerInnen haben die Aufgabe des Zuh\u00f6rens, Beobachtens und Ver\u00f6ffentlichens \u00fcbernommen. Und Kunst kann das Unsichtbare sichtbar machen.\u201c   <\/p>\n<p xmlns=\"\" class=\"article even Brot\">Wie etwa Michael Saup, der den CO<sub>2<\/sub>-Aussto\u00df, der allein durch das Runterladen und Abspielen des Filmtrailers \u201eAvatar\u201c in einem halben Jahr entstand, durch einen Block aus gestapelten Briketts veranschaulicht. Neu sind solche k\u00fcnstlerischen Gesten freilich nicht. Im Jahr 1989, das Umweltbewusstsein war durch die Reaktorkatastrophe von Tschernobyl noch hoch sensibilisiert, zeigte das K\u00fcnstlerhaus Bethanien in Berlin zusammen mit der Stadtgalerie Saarbr\u00fccken die Ausstellung \u201eRessource Kunst \u2013 Die Elemente neu gesehen\u201c. Schon da war das Archiv der verschwundenen Weizenlandrassen, das Ursula Schulz-Dornburg in den Uferhallen zeigt, Teil des Projekts, ebenso wie die sch\u00f6nen Zeichnungen besch\u00e4digter Insekten, die Cornelia Hess-Honegger im Umfeld von Atomanlagen gesammelt und archiviert hat. Sie m\u00f6gen sich 20 Jahre sp\u00e4ter mit diesen Beitr\u00e4gen vorkommen wie Rufer in der W\u00fcste, und dass ihre Arbeiten auch nichts von ihrer Aktualit\u00e4t eingeb\u00fc\u00dft haben, ja eher sogar, nach den j\u00fcngsten Zugest\u00e4ndnissen an die Atomindustrie, gewonnen haben, macht sie umso bitterer.    <\/p>\n<p xmlns=\"\" class=\"article odd Brot\">Von daher ist auch die melancholische Ironie verst\u00e4ndlich, wie sie sich zum Beispiel in den fotografischen Arbeiten von Illka Halso (aus Finnland) niederschl\u00e4gt: Digital entwirft sie ein \u201eMuseum of Nature\u201c, in dem gigantische gl\u00e4serne Gew\u00f6lbe einen m\u00e4andernden Flusslauf sch\u00fctzen: sch\u00f6n wie die botanischen Gew\u00e4chsh\u00e4user der Gegenwart und erschreckend in der Vorstellung, dass nur so noch zu bewahren ist, was man gerne als das Selbstverst\u00e4ndliche, frei Zug\u00e4ngliche behalten will.<\/p>\n<p xmlns=\"\" class=\"article even Brot\">Manches in der Ausstellung erscheint zun\u00e4chst als gut gemeinter Symbolkitsch, etwa das \u201eOpfermonument\u201c der brasilianischen K\u00fcnstlerin N\u00e9le Azevedo, die kleine Figuren aus Eis auf \u00f6ffentlichen Pl\u00e4tzen langsam dahinschmelzen l\u00e4sst. \u00c4hnliche Orte im \u00f6ffentlichen Raum sucht auch Hermann Josef Hack, um dort sein Lager aus Miniaturzelten aufzustellen, das auf die wachsende Anzahl von Klimafl\u00fcchtlingen verweist. Doch sich mobil und allgemeinverst\u00e4ndlich dorthin zu begeben, wo man nicht mit ihnen rechnet und sie ein gr\u00f6\u00dferes als das Kunstpublikum erreichen, ist diesen Aktivisten eben wichtiger.  <\/p>\n<p xmlns=\"\" class=\"article last odd Hinweis\">\u25a0 \u201ezur nachahmung empfohlen\u201c, Uferhallen Berlin, bis 10. Oktober, Katalog plus Lesebuch, Hatje Cantz Verlag, 48 Euro<\/p>\n<\/article>\n<\/div>\n<\/div>\n<p><a target=\"_blank\" href=\"http:\/\/www.freitag.de\/kultur\/1036-von-weizen-und-wanzen\" rel=\"noopener\"><\/a>Link zum Artikel <a href=\"https:\/\/taz.de\/!384872\/\">taz-Archiv<\/a><\/p>\n<\/div>\n<\/div>\n<\/div>\n<p>[\/et_pb_accordion_item][et_pb_accordion_item title=&#8221;10.09.10 Von Weizen und Wanzen \u2013 der Freitag&#8221; _builder_version=&#8221;4.20.2&#8243; _module_preset=&#8221;default&#8221; global_colors_info=&#8221;{}&#8221; open=&#8221;off&#8221;]<\/p>\n<div class=\"press-container\">\n<div class=\"press-container\">\n<div class=\"press-container\">\n<h2>Von Weizen und Wanzen \u2013 der Freitag<\/h2>\n<p>10.09.2010 , der Freitag, Ulrike Mattern<\/p>\n<p>\u00bbAusstellung Zur Nachahmung empfohlen!: Wie ein k\u00fcnstlerischer Hindernislauf die Schnittstellen von Kunst, Kultur und Wissenschaft verbindet<\/p>\n<p data-aside-score=\"-1\">Ein Mann f\u00e4hrt hinaus aufs Meer. Sein Vehikel ist ein umgedrehter brauner Holztisch. Dessen vier Beine ragen in den Himmel, und ein Motor treibt das Gef\u00e4hrt auf dem milchig-gr\u00fcnen Wasser voran. Mit dieser Momentaufnahme auf dem Plakat, Teil des Land-Mark-Projektes \u201eUnder discussion\u201c, und dem Imperativ \u201eZur Nachahmung empfohlen!\u201c wirbt die Ausstellung gleichen Namens, die zu \u201eExpeditionen in \u00c4sthetik und Nachhaltigkeit\u201c aufbricht.   <\/p>\n<p data-aside-score=\"-1\">40 Einzelk\u00fcnstler und K\u00fcnstlergruppen haben sich der Forschungsreise in den Uferhallen angeschlossen. Der Ort ist klug gew\u00e4hlt. Der Standort nahe des Flusses Panke im ehemaligen Arbeiterbezirk Wedding hat sich ver\u00e4ndert: Im 19. Jahrhundert diente er als Pferdebahnhof, wurde in den 1920er-Jahren zum Stra\u00dfenbahndepot umgebaut und war sp\u00e4ter Zentralwerkstatt der Berliner Verkehrsbetriebe. Seit 2007 findet hier in privater Tr\u00e4gerschaft Kultur statt. Die unter anderem von der Kulturstiftung des Bundes gef\u00f6rderte Ausstellung \u201eZur Nachahmung empfohlen!\u201c bespielt bis zum 10. Oktober Teile des Gel\u00e4ndes und wandert danach weiter.    <\/p>\n<p data-aside-score=\"-1\">Am Eingang sieht alles nach vertrauter Musealit\u00e4t im Industriedenkmal aus, inklusive Souvenirshop. Doch der k\u00fcnstlerische Hindernislauf vor Ort ist von einem spannenden Werkstattcharakter an den Schnittstellen von Kunst, Kultur und Wissenschaft gepr\u00e4gt; Irrlichter und Irritationen inbegriffen. Besucher k\u00f6nnen Wasser aus der Panke in der \u201eBerliner Sch\u00f6pfung\u201c filtern, werden als \u201efamili\u00e4r bindungslose Europ\u00e4er\u201c symbolisch an Pateneltern in Ghana vermittelt oder erwerben und verkaufen beim \u201eTime Notes Project\u201c reale und imagin\u00e4re Zeit bei einer mobilen Bank. In der Tradition der Konzeptkunst stehen ebenfalls die Performances von N\u00e9le Azevedo, die mit \u201eMinimum Monument\u201c auf die globale Erw\u00e4rmung aufmerksam macht. Innerhalb kurzer Zeit schmelzen ihre fragilen Eisfiguren, die auf Stufen im \u00f6ffentlichen Raum ausgesetzt werden. Mit dieser Aktion war die K\u00fcnstlerin weltweit auf Achse, im Sommer 2009 mit tausend Figuren auf dem Berliner Gendarmenmarkt. In der Ausstellung ist dies in einem Video zu verfolgen.      <\/p>\n<p data-aside-score=\"-2\">Von Verg\u00e4nglichkeit und Deformation erz\u00e4hlen auch \u201eWeizen und Wanzen\u201c. Wie in einem Memento Mori sind Weizen\u00e4hren auf Fotografien und in nummerierten K\u00e4sten verewigt. \u201eDort, wo herk\u00f6mmliche Arten aussterben, verlieren die Menschen etwas von ihrer Geschichte und Kultur\u201c ist der Titel der Installation von Ursula Schulz-Dornburg, ein Zitat des Alternativen Nobelpreistr\u00e4gers Pat Mooney. Auch Wanzen im Umfeld von Atomkraftwerken geh\u00f6ren zu den manipulierten Arten: Mit Aquarellfarben tupft Cornelia Hesse-Honegger diese and andere Insekten, die sie in einer 20 Jahre langen Feldstudie untersucht hat, mit ihren Sch\u00e4digungen durch Radioaktivit\u00e4t zu zartgliedrigen Kunstwerken auf Papier. \u00adZwischen den erdr\u00fcckenden Tatsachen irrlichtern immer wieder heitere Geistesblitze und konterkarieren Marktgesetze, wie bei Christin Lahr, die der Deutschen Bundesbank t\u00e4glich 1 Cent und 108 Zeichen aus dem ersten Band des Marx\u2019schen Kapital \u00fcberweist.    <\/p>\n<p data-aside-score=\"-1\">So f\u00e4hrt er dahin, der Mann auf seinem provisorischen Gef\u00e4hrt in der Weite des Ozeans; stellt Fragen, lanciert Wissen, macht hier und da ein \u00fcberm\u00fctiges B\u00e4uerchen und sucht nach neuen Ufern. Und mit ihm f\u00e4hrt diese Ausstellung in die Welt hinaus. Folgen Sie ihr, wenn Sie k\u00f6nnen!  <\/p>\n<p data-aside-score=\"-1\">Bis 10. Oktober in den , Uferstra\u00dfe 8 11 in Berlin-Wedding\u00ab<\/p>\n<p>Link zum Artikel <a href=\"https:\/\/www.freitag.de\/autoren\/ulrike-mattern\/von-weizen-und-wanzen\">Freitag, Ulrike Mattern<\/a><\/p>\n<\/div>\n<\/div>\n<\/div>\n<p>[\/et_pb_accordion_item][et_pb_accordion_item title=&#8221;03.09.10 K\u00f6nnen K\u00fcnstler die Welt retten? \u2013 Zeit Online | Tagesspiegel &#8221; _builder_version=&#8221;4.20.2&#8243; _module_preset=&#8221;default&#8221; global_colors_info=&#8221;{}&#8221; open=&#8221;off&#8221;]<\/p>\n<div>\n<div>\n<h2>K\u00f6nnen K\u00fcnstler die Welt retten? \u2013 Zeit Online <\/h2>\n<p>03.09.2010 , Zeit Online, Christina Tilmann<\/p>\n<p>\u00bbMiniatur-Fl\u00fcchtlingslager und Adoption von Gro\u00dfst\u00e4dtern: die Berliner Ausstellung &#8220;Zur Nachahmung empfohlen&#8221; feiert die politischen K\u00fcnstler mit Witz, Wut und Fantasie.<\/p>\n<p>Kunst und Nachhaltigkeit: eine Berliner Ausstellung feiert die Aktivisten<\/p>\n<p>Bei der Akademie der K\u00fcnste haben sie verdutzt geschaut bei der Frage nach dem Ausstellungsmobiliar. Den Tresen wiederverwerten wollen Sie? Aha, meinetwegen. Und die Gasag hatte nichts Besseres zu tun, als ihr Logo fett auf die Ballons zu drucken, die den CO2-Verbrauch des Menschen in einer Gro\u00dfstadt aufzeigen sollten. Sponsoring? Jederzeit. Aber nur, wenn es auch als Werbung dient.      <\/p>\n<p>Adrienne Goehler, Kurzzeit-Kultursenatorin \u2013 sie spricht von einem &#8220;Politikpraktikum&#8221; \u2013, danach Kuratorin des Hauptstadt-Kulturfonds, seit 2006 Autorin \u2013 gerade hat sie mit dem Drogeriemarkt-Gr\u00fcnder G\u00f6tz Werner ein Buch \u00fcber das Grundeinkommen f\u00fcr jeden geschrieben \u2013, Adrienne Goehler also kann so manche Geschichte davon erz\u00e4hlen, wie es zugeht, wenn man eine nachhaltige Ausstellung organisieren will. Dass man beim Umweltbundesamt zun\u00e4chst der Meinung war, das sei doch Kunst, damit habe man nichts zu tun, keinen Haushaltstitel. Auch andere Stiftungen spielten flei\u00dfig das Zust\u00e4ndigkeitsspiel. Umwelt? Aber wir doch nicht. Kultur? Viel zu politisch. Und das Modewort <span itemscope=\"\" itemtype=\"http:\/\/schema.org\/Thing\"><a href=\"https:\/\/www.zeit.de\/thema\/nachhaltigkeit\">Nachhaltigkeit<\/a><\/span> ist auch l\u00e4ngst entwertet.       <\/p>\n<p>Am Ende ist die Ausstellung, nach dreij\u00e4hriger Vorbereitungszeit, tats\u00e4chlich fertig geworden, gef\u00f6rdert durch Umweltbundesamt und Bundeskulturstiftung, organisiert nach streng \u00f6kologischen R\u00fccksichten: Recycling-Papier und CO2-Ausgleich, die Werke kamen per Schiff oder Bahn, m\u00f6glichst wenig Videokunst sollte es sein, von wegen der Stromkosten. Ganz frisch m\u00fcssen die Beitr\u00e4ge auch nicht sein, daf\u00fcr aber relevant. Denn in ihrer Zeit beim Hauptstadtkulturfonds hat Adrienne Goehler das Phantom des &#8220;Antragsk\u00fcnstlers&#8221; zu Gen\u00fcge kennengelernt, der zu jedem Mittelvergabetermin hektisch mit ganz neuen, ganz originellen Projekten aufwarten musste. \u00dcberdenken, weiterentwickeln, korrigieren, das ist in dem System nicht drin. Der Ausstellungsbetrieb giert nach Neuigkeit. Und vergisst zu gern, was alles schon war.     <\/p>\n<p>So ist die Ausstellung Zur Nachahmung empfohlen. Expeditionen in \u00c4sthetik und Nachhaltigkeit in den Weddinger Uferhallen ganz nebenbei eine bedenkenswerte Kritik an unserem schnelldrehenden Ausstellungszirkus geworden \u2013 und eine Art Gegenentwurf zur Architektur-Biennale. Adrienne Goehler pl\u00e4diert daf\u00fcr, die K\u00fcnstler endlich ernst zu nehmen. Weil sie sich oft hartn\u00e4ckiger mit Problemen der Gegenwart besch\u00e4ftigen, als Politik und Medien es sich erlauben. Der K\u00fcnstler als Dokumentarist der Gegenwart steht im Mittelpunkt: politisch engagiert, wissenschaftlich versiert, und beileibe kein Spinner. K\u00fcnstler retten die Welt? Vielleicht nicht ganz, aber die anderen retten sie ja auch gerade nicht.      <\/p>\n<p>So finden sich ganz unterschiedliche Aktivisten in den Uferhallen zusammen: Hermann Josef Hack zum Beispiel, der mit einer Armada von Miniaturzelten auf die Pl\u00e4tze der Gro\u00dfst\u00e4dte zieht, um auf Klimafl\u00fcchtlinge aufmerksam zu machen. Oder Nana Petzet, die im Selbstversuch ihren ganzen Haushalt aus Abfallmaterialien best\u00fcckt, als Gegenmodell zum &#8220;Gr\u00fcnen Punkt&#8221;. Dan Peterman, der mit aus Armeehosen gefertigten S\u00e4cken voll Reis und Linsen auf die Notversorgung Afghanistans aufmerksam macht. Gerd Niem\u00f6ller, der aus Altpapier einen erdbebensicheren Baustoff entwickelt hat. Gudrun F. Widlok, die ein Adoptionsprogramm aufgelegt hat, das vereinsamte europ\u00e4ische Gro\u00dfst\u00e4dter an afrikanische Gro\u00dffamilien vermittelt. Dodi Reiffenberg, der Bilder aus Plastikt\u00fcten herstellt und darauf hinweist, dass es nur eine Sekunde dauert, eine T\u00fcte herzustellen, aber tausend Jahre, sie wieder zu entsorgen. Kerstin Polzin und Anja Schoeller, die das Wasser der Panke zu Trinkwasser aufbereiten. Oder Folke K\u00f6bberling und Martin Kaltwasser, die in Los Angeles Autos zu Fahrr\u00e4dern umbauten.       <\/p>\n<p>Viel Fantasie, Witz und Wut. Doch werden nicht offene T\u00fcren eingerannt, angesichts einer Gesellschaft, die sich mit Bio-Superm\u00e4rkten und \u00d6ko-Strom, M\u00fclltrennung und Energiesparlampen l\u00e4ngst auf der richtigen Seite f\u00fchlt? Die Thesen von Zur Nachahmung empfohlen sind nicht neu. L\u00e4ngst ist mit Filmen wie Plastic Planet oder We feed the worldeine ganze Dokumentarfilmsparte auf Aufkl\u00e4rung eingeschwenkt. Und doch: Was nicht neu ist, ist damit nicht falsch und bleibt aktuell. Dass Experten nicht immer die richtigen Ratgeber sind, dekliniert Adrienne Goehler von der Finanzkrise bis zur Kopenhagen-Konferenz durch, und pl\u00e4diert daf\u00fcr, Nicht-Experten das Wort zu geben. K\u00fcnstlern, Wissenschaftlern, Aktivisten, und allem, was dazwischen liegt. Ein noch zu gr\u00fcndender &#8220;Fonds f\u00fcr \u00c4sthetik und Nachhaltigkeit&#8221; soll Grenzg\u00e4nger f\u00f6rdern.       <\/p>\n<p>Tats\u00e4chlich schafft ein Bild manchmal mehr als tausend Diskussionsrunden. Der umgedrehte Verhandlungstisch, mit dem das Duo Allora &amp; Calzadilla \u00fcber das t\u00fcrkisblaue Meer zur puertoricanischen Insel Vieques segelt, die von den USStreitkr\u00e4ften als Ausbildungsort verw\u00fcstet wurde. Die geflutete McDonald\u2019s-Filiale von Superflex. Die 6000 Weizensorten, die Ursula Schulze-Dornburg fotografiert hat \u2013 dank Monsanto &amp; Co. gibt es heute gerade noch sechs. Oder der 33 Tonnen schwere Kohleberg, den Michael Saup aufgeschichtet hat und der exakt dem Energieverbrauch entspricht, den es kostet, den Trailer zu James Camerons Avatar eine Million Mal aufzurufen. Eine Google-Abfrage verbraucht so viel Energie wie eine Gl\u00fchbirne in einer Stunde. Denken wir daran, bei der n\u00e4chsten Mail.      <\/p>\n<p>Uferhallen, Uferstra\u00dfe 8-11, Berlin Wedding, bis 10. Oktober, Di bis So 12 bis 20, Do bis 22 Uhr. Katalog (Hatje Cantz) 48 Euro <a target=\"_blank\" href=\"http:\/\/www.tagesspiegel.de\/kultur\/die-weisheit-des-weizens-eine-ausstellung\/1917314.html\" rel=\"noopener\"><\/a><\/p>\n<p>\u00ab<\/p>\n<p><a target=\"_blank\" href=\"http:\/\/www.zeit.de\/kultur\/2010-09\/kunst-nachhaltigkeit\" rel=\"noopener\">www.zeit.de\/kultur\/2010-09\/kunst-nachhaltigkeit<\/a> | <a target=\"_blank\" href=\"http:\/\/www.tagesspiegel.de\/kultur\/die-weisheit-des-weizens-eine-ausstellung\/1917314.html\" rel=\"noopener\">Erschienen im Tagesspiegel<\/a><\/p>\n<\/div>\n<\/div>\n<p>[\/et_pb_accordion_item][et_pb_accordion_item title=&#8221;03.09.10 Klimaretter Zur Nachahmung empfohlen?&#8221; _builder_version=&#8221;4.20.2&#8243; _module_preset=&#8221;default&#8221; global_colors_info=&#8221;{}&#8221; open=&#8221;off&#8221;]<\/p>\n<div class=\"press-container\">\n<h2>Klimaretter Zur Nachahmung empfohlen?<\/h2>\n<p>03.09.2010 , Klimaretter, Sarah Messina<\/p>\n<p>\u00bbGrenzen zwischen k\u00fcnstlerischer und technischer Kreativit\u00e4t, Idee und Machbarkeit wurden deshalb mitunter aufgebhoben, damit Kunst das sichtbar machen kann, was auch in unserer Umwelt oft im Verborgenen bleibt. \u00ab<\/p>\n<\/div>\n<p>[\/et_pb_accordion_item][et_pb_accordion_item title=&#8221;03.09.10 Die Weisheit des Weizens \u2013 Der Tagesspiegel&#8221; _builder_version=&#8221;4.20.2&#8243; _module_preset=&#8221;default&#8221; global_colors_info=&#8221;{}&#8221; open=&#8221;off&#8221;]<\/p>\n<div class=\"press-container\">\n<h2>Die Weisheit des Weizens<\/h2>\n<p>03.09.2010 , Der Tagesspiegel, Christina Tilmann<\/p>\n<p>\u00bb\u00dcberdenken, weiterentwickeln, korrigieren, das ist in dem System nicht drin. Der Ausstellungsbetrieb giert nach Neuigkeit. Und vergisst zu gern, was alles schon war. So ist die Ausstellung \u201eZur Nachahmung empfohlen. Expeditionen in \u00c4sthetik und Nachhaltigkeit\u201c in den Weddinger Uferhallen ganz nebenbei eine bedenkenswerte Kritik an unserem schnell drehenden Ausstellungszirkus geworden \u2013 und eine Art Gegenentwurf zur Architektur-Biennale. Adrienne Goehler pl\u00e4diert daf\u00fcr, die K\u00fcnstler endlich ernst zu nehmen. Weil sie sich oft hartn\u00e4ckiger mit Problemen der Gegenwart besch\u00e4ftigen, als Politik und Medien es sich erlauben. Der K\u00fcnstler als Dokumentarist der Gegenwart steht im Mittelpunkt: politisch engagiert, wissenschaftlich versiert, und beileibe kein Spinner. K\u00fcnstler retten die Welt? Vielleicht nicht ganz, aber die anderen retten sie ja auch gerade nicht.\u00ab        <\/p>\n<\/div>\n<p>[\/et_pb_accordion_item][et_pb_accordion_item title=&#8221;02.09.10 Jeder Klick eine Kohle \u2013 Kann Kunst die Ressourcen der Welt retten? \u2013 Berliner Zeitung &#8221; _builder_version=&#8221;4.20.2&#8243; _module_preset=&#8221;default&#8221; global_colors_info=&#8221;{}&#8221; toggle_line_height=&#8221;1em&#8221; closed_toggle_line_height=&#8221;1.7em&#8221; open=&#8221;off&#8221;]<\/p>\n<h2>Kann Kunst die Ressourcen der Welt retten? Adrienne Goehlers Schau \u00fcber \u00c4sthetik und Nachhaltigkeit <\/h2>\n<p>02.09.2010 , Berliner Zeitung, Sebastian Preuss<\/p>\n<p>\u00bbSie zeigt, dass die politische, engagierte Kunst noch nicht tot ist und durchaus ernsthafte Beobachtungen und Vorschl\u00e4ge zu bieten hat. Vielleicht liegt es daran, dass Goehler nicht wie die \u00fcberall pr\u00e4senten Kuratorenstars Ausstellungen am Flie\u00dfband produziert, sondern das Unterfangen lange und gr\u00fcndlich vorbereitet. Ein Grund auch f\u00fcr das Gelingen ihrer Schau ist, dass sie sich tunlichst vom \u00e4ngstlichen Name-Dropping des Kunstbetriebs fernh\u00e4lt, dass sie durchaus etwas riskiert und K\u00fcnstler nur dann zeigt, wenn ihre Arbeiten zum Thema passen.\u00ab  <\/p>\n<p>[\/et_pb_accordion_item][\/et_pb_accordion][\/et_pb_column][\/et_pb_row][\/et_pb_section][et_pb_section fb_built=&#8221;1&#8243; _builder_version=&#8221;4.16&#8243; _module_preset=&#8221;default&#8221; custom_padding=&#8221;2px|||||&#8221; global_colors_info=&#8221;{}&#8221;][et_pb_row _builder_version=&#8221;4.16&#8243; _module_preset=&#8221;default&#8221; custom_padding=&#8221;5px|||||&#8221; locked=&#8221;off&#8221; global_colors_info=&#8221;{}&#8221;][et_pb_column type=&#8221;4_4&#8243; _builder_version=&#8221;4.16&#8243; _module_preset=&#8221;default&#8221; global_colors_info=&#8221;{}&#8221;][et_pb_divider color=&#8221;rgba(0,0,0,0.5)&#8221; _builder_version=&#8221;4.16&#8243; _module_preset=&#8221;default&#8221; custom_margin=&#8221;||0px|||&#8221; custom_padding=&#8221;1px||1px|||&#8221; global_colors_info=&#8221;{}&#8221;][\/et_pb_divider][et_pb_post_nav in_same_term=&#8221;on&#8221; _builder_version=&#8221;4.19.4&#8243; _module_preset=&#8221;default&#8221; global_colors_info=&#8221;{}&#8221;][\/et_pb_post_nav][\/et_pb_column][\/et_pb_row][\/et_pb_section]<\/p>\n","protected":false},"excerpt":{"rendered":"<p>Press ResonanceIsrael | Jerusalem | Haifa | 2021 A journey between aesthetics and sustainability 05.12.2021 , Tagit Klimor in Haifa News \u00bbTagit Klimor &#8211; Following COP26, which took place in Glasgow last year, it seems that many countries are still procrastinating in promoting sustainable agendas. The conference was accompanied with demonstrations by young people around [&hellip;]<\/p>\n","protected":false},"author":1,"featured_media":0,"parent":0,"menu_order":9,"comment_status":"closed","ping_status":"closed","template":"","meta":{"_acf_changed":false,"_et_pb_use_builder":"on","_et_pb_old_content":"","_et_gb_content_width":"","footnotes":""},"class_list":["post-6883","page","type-page","status-publish","hentry"],"acf":[],"_links":{"self":[{"href":"https:\/\/zur-nachahmung-empfohlen.de\/en\/wp-json\/wp\/v2\/pages\/6883","targetHints":{"allow":["GET"]}}],"collection":[{"href":"https:\/\/zur-nachahmung-empfohlen.de\/en\/wp-json\/wp\/v2\/pages"}],"about":[{"href":"https:\/\/zur-nachahmung-empfohlen.de\/en\/wp-json\/wp\/v2\/types\/page"}],"author":[{"embeddable":true,"href":"https:\/\/zur-nachahmung-empfohlen.de\/en\/wp-json\/wp\/v2\/users\/1"}],"replies":[{"embeddable":true,"href":"https:\/\/zur-nachahmung-empfohlen.de\/en\/wp-json\/wp\/v2\/comments?post=6883"}],"version-history":[{"count":5,"href":"https:\/\/zur-nachahmung-empfohlen.de\/en\/wp-json\/wp\/v2\/pages\/6883\/revisions"}],"predecessor-version":[{"id":6890,"href":"https:\/\/zur-nachahmung-empfohlen.de\/en\/wp-json\/wp\/v2\/pages\/6883\/revisions\/6890"}],"wp:attachment":[{"href":"https:\/\/zur-nachahmung-empfohlen.de\/en\/wp-json\/wp\/v2\/media?parent=6883"}],"curies":[{"name":"wp","href":"https:\/\/api.w.org\/{rel}","templated":true}]}}